{"id":52,"date":"2026-06-22T10:39:12","date_gmt":"2026-06-22T10:39:12","guid":{"rendered":"https:\/\/agence-hkm.com\/lbm\/?page_id=52"},"modified":"2026-09-01T12:57:46","modified_gmt":"2026-09-01T12:57:46","slug":"creative-leaders","status":"publish","type":"page","link":"https:\/\/www.lilibonnet.com\/en\/accompagnements\/creative-leaders\/","title":{"rendered":"Creative Leaders"},"content":{"rendered":"\t\t<div data-elementor-type=\"wp-page\" data-elementor-id=\"52\" class=\"elementor elementor-52\" data-elementor-post-type=\"page\">\n\t\t\t\t<div class=\"elementor-element elementor-element-dd4c559 e-flex e-con-boxed e-con e-parent\" data-id=\"dd4c559\" data-element_type=\"container\" data-e-type=\"container\" data-settings=\"{&quot;background_background&quot;:&quot;classic&quot;}\">\n\t\t\t\t\t<div class=\"e-con-inner\">\n\t\t<div class=\"elementor-element elementor-element-c7f78ac e-con-full e-flex e-con e-child\" data-id=\"c7f78ac\" data-element_type=\"container\" data-e-type=\"container\">\n\t\t<div class=\"elementor-element elementor-element-ca9db54 e-con-full e-flex e-con e-child\" data-id=\"ca9db54\" data-element_type=\"container\" data-e-type=\"container\">\n\t\t\t\t<div class=\"elementor-element elementor-element-0f94dfd elementor-widget elementor-widget-heading\" data-id=\"0f94dfd\" data-element_type=\"widget\" data-e-type=\"widget\" data-widget_type=\"heading.default\">\n\t\t\t\t\t<h1 class=\"elementor-heading-title elementor-size-default\"><em>Creative Leaders<\/em>\n<br><span>\u2014 Accompagnement individuel pour dirigeants et managers cr\u00e9atifs<\/span><\/h1>\t\t\t\t<\/div>\n\t\t<div class=\"elementor-element elementor-element-5efab38 e-con-full e-flex e-con e-child\" data-id=\"5efab38\" data-element_type=\"container\" data-e-type=\"container\">\n\t\t\t\t<div class=\"elementor-element elementor-element-fffc392 elementor-widget elementor-widget-text-editor\" data-id=\"fffc392\" data-element_type=\"widget\" data-e-type=\"widget\" data-widget_type=\"text-editor.default\">\n\t\t\t\t\t\t\t\t\t<p>Vous avez d\u00e9j\u00e0 tout. L&rsquo;expertise, les clients, la reconnaissance. Mais vous sentez qu&rsquo;il y a un niveau au-dessus : plus de leadership, plus d&rsquo;impact, plus de libert\u00e9. Plus de kif, aussi.<\/p>\t\t\t\t\t\t\t\t<\/div>\n\t\t\t\t<div class=\"elementor-element elementor-element-efbac16 elementor-widget elementor-widget-text-editor\" data-id=\"efbac16\" data-element_type=\"widget\" data-e-type=\"widget\" data-widget_type=\"text-editor.default\">\n\t\t\t\t\t\t\t\t\t<p>Creative Leaders est un accompagnement individuel sur-mesure de 6 mois, pens\u00e9 pour les entrepreneurs, cr\u00e9atifs ind\u00e9pendants et cadres dirigeants des industries cr\u00e9atives qui veulent renforcer leur posture de leader, leur confiance en eux et leur prise de d\u00e9cision : plus loin, plus haut, plus fort.<\/p>\t\t\t\t\t\t\t\t<\/div>\n\t\t\t\t<\/div>\n\t\t\t\t<\/div>\n\t\t\t\t<\/div>\n\t\t\t\t\t<\/div>\n\t\t\t\t<\/div>\n\t\t<div class=\"elementor-element elementor-element-1cb7f24 header-dark-zone e-flex e-con-boxed e-con e-parent\" data-id=\"1cb7f24\" data-element_type=\"container\" data-e-type=\"container\">\n\t\t\t\t\t<div class=\"e-con-inner\">\n\t\t<div class=\"elementor-element elementor-element-d6fc11f e-con-full e-flex e-con e-child\" data-id=\"d6fc11f\" data-element_type=\"container\" data-e-type=\"container\">\n\t\t\t\t<div class=\"elementor-element elementor-element-1eb204b elementor-widget elementor-widget-heading\" data-id=\"1eb204b\" data-element_type=\"widget\" data-e-type=\"widget\" data-widget_type=\"heading.default\">\n\t\t\t\t\t<h2 class=\"elementor-heading-title elementor-size-default\">C'est pour vous si<\/h2>\t\t\t\t<\/div>\n\t\t\t\t<div class=\"elementor-element elementor-element-9441bee elementor-absolute elementor-view-default elementor-widget elementor-widget-icon\" data-id=\"9441bee\" data-element_type=\"widget\" data-e-type=\"widget\" data-settings=\"{&quot;_position&quot;:&quot;absolute&quot;,&quot;motion_fx_motion_fx_scrolling&quot;:&quot;yes&quot;,&quot;motion_fx_translateX_effect&quot;:&quot;yes&quot;,&quot;motion_fx_translateX_speed&quot;:{&quot;unit&quot;:&quot;px&quot;,&quot;size&quot;:2,&quot;sizes&quot;:[]},&quot;motion_fx_translateX_affectedRange&quot;:{&quot;unit&quot;:&quot;%&quot;,&quot;size&quot;:&quot;&quot;,&quot;sizes&quot;:{&quot;start&quot;:0,&quot;end&quot;:100}},&quot;motion_fx_devices&quot;:[&quot;desktop&quot;,&quot;tablet&quot;,&quot;mobile&quot;]}\" data-widget_type=\"icon.default\">\n\t\t\t\t\t\t\t<div class=\"elementor-icon-wrapper\">\n\t\t\t<div class=\"elementor-icon\">\n\t\t\t<svg aria-hidden=\"true\" class=\"e-font-icon-svg e-fas-circle\" viewBox=\"0 0 512 512\" xmlns=\"http:\/\/www.w3.org\/2000\/svg\"><path d=\"M256 8C119 8 8 119 8 256s111 248 248 248 248-111 248-248S393 8 256 8z\"><\/path><\/svg>\t\t\t<\/div>\n\t\t<\/div>\n\t\t\t\t\t\t<\/div>\n\t\t\t\t<\/div>\n\t\t<div class=\"elementor-element elementor-element-ab74fc9 e-grid e-con-full header-force-light e-con e-child\" data-id=\"ab74fc9\" data-element_type=\"container\" data-e-type=\"container\">\n\t\t<div class=\"elementor-element elementor-element-9c96d50 e-con-full elementor-hidden-tablet elementor-hidden-mobile e-flex e-con e-child\" data-id=\"9c96d50\" data-element_type=\"container\" data-e-type=\"container\" data-settings=\"{&quot;background_background&quot;:&quot;classic&quot;,&quot;background_motion_fx_motion_fx_scrolling&quot;:&quot;yes&quot;,&quot;background_motion_fx_blur_effect&quot;:&quot;yes&quot;,&quot;background_motion_fx_blur_level&quot;:{&quot;unit&quot;:&quot;px&quot;,&quot;size&quot;:8,&quot;sizes&quot;:[]},&quot;background_motion_fx_blur_direction&quot;:&quot;out-in&quot;,&quot;background_motion_fx_blur_range&quot;:{&quot;unit&quot;:&quot;%&quot;,&quot;size&quot;:&quot;&quot;,&quot;sizes&quot;:{&quot;start&quot;:20,&quot;end&quot;:80}},&quot;background_motion_fx_devices&quot;:[&quot;desktop&quot;,&quot;tablet&quot;,&quot;mobile&quot;]}\">\n\t\t\t\t<\/div>\n\t\t<div class=\"elementor-element elementor-element-d3895fb e-con-full e-flex e-con e-child\" data-id=\"d3895fb\" data-element_type=\"container\" data-e-type=\"container\" data-settings=\"{&quot;background_background&quot;:&quot;classic&quot;,&quot;background_motion_fx_motion_fx_scrolling&quot;:&quot;yes&quot;,&quot;background_motion_fx_blur_effect&quot;:&quot;yes&quot;,&quot;background_motion_fx_blur_level&quot;:{&quot;unit&quot;:&quot;px&quot;,&quot;size&quot;:8,&quot;sizes&quot;:[]},&quot;background_motion_fx_blur_direction&quot;:&quot;out-in&quot;,&quot;background_motion_fx_blur_range&quot;:{&quot;unit&quot;:&quot;%&quot;,&quot;size&quot;:&quot;&quot;,&quot;sizes&quot;:{&quot;start&quot;:20,&quot;end&quot;:80}},&quot;background_motion_fx_devices&quot;:[&quot;desktop&quot;,&quot;tablet&quot;,&quot;mobile&quot;]}\">\n\t\t\t\t<div class=\"elementor-element elementor-element-1181214 elementor-widget elementor-widget-heading\" data-id=\"1181214\" data-element_type=\"widget\" data-e-type=\"widget\" data-widget_type=\"heading.default\">\n\t\t\t\t\t<h3 class=\"elementor-heading-title elementor-size-default\">Entrepreneur ou cr\u00e9atif ind\u00e9pendant<\/h3>\t\t\t\t<\/div>\n\t\t\t\t<div class=\"elementor-element elementor-element-a43eb93 elementor-widget elementor-widget-text-editor\" data-id=\"a43eb93\" data-element_type=\"widget\" data-e-type=\"widget\" data-widget_type=\"text-editor.default\">\n\t\t\t\t\t\t\t\t\t<p>Vous avez construit quelque chose de solide. Mais vous portez seul.e des probl\u00e9matiques complexes de leadership, de positionnement, de d\u00e9veloppement ; et vous avez besoin d&rsquo;un partenaire de haut niveau pour les r\u00e9soudre.<\/p>\t\t\t\t\t\t\t\t<\/div>\n\t\t\t\t<\/div>\n\t\t<div class=\"elementor-element elementor-element-38e77c2 e-con-full e-flex e-con e-child\" data-id=\"38e77c2\" data-element_type=\"container\" data-e-type=\"container\" data-settings=\"{&quot;background_background&quot;:&quot;classic&quot;,&quot;background_motion_fx_motion_fx_scrolling&quot;:&quot;yes&quot;,&quot;background_motion_fx_blur_effect&quot;:&quot;yes&quot;,&quot;background_motion_fx_blur_level&quot;:{&quot;unit&quot;:&quot;px&quot;,&quot;size&quot;:8,&quot;sizes&quot;:[]},&quot;background_motion_fx_blur_direction&quot;:&quot;out-in&quot;,&quot;background_motion_fx_blur_range&quot;:{&quot;unit&quot;:&quot;%&quot;,&quot;size&quot;:&quot;&quot;,&quot;sizes&quot;:{&quot;start&quot;:20,&quot;end&quot;:80}},&quot;background_motion_fx_devices&quot;:[&quot;desktop&quot;,&quot;tablet&quot;,&quot;mobile&quot;]}\">\n\t\t\t\t<div class=\"elementor-element elementor-element-c67dd9d elementor-widget elementor-widget-heading\" data-id=\"c67dd9d\" data-element_type=\"widget\" data-e-type=\"widget\" data-widget_type=\"heading.default\">\n\t\t\t\t\t<h3 class=\"elementor-heading-title elementor-size-default\">Cadre dirigeant dans une industrie cr\u00e9ative<\/h3>\t\t\t\t<\/div>\n\t\t\t\t<div class=\"elementor-element elementor-element-fb8d024 elementor-widget elementor-widget-text-editor\" data-id=\"fb8d024\" data-element_type=\"widget\" data-e-type=\"widget\" data-widget_type=\"text-editor.default\">\n\t\t\t\t\t\t\t\t\t<p>Directeur artistique, directeur d&rsquo;agence, directeur de studio, vous managez des profils singuliers dans un environnement intense. Vous voulez gagner en efficacit\u00e9, en performance, en coaching individuel professionnel pour renforcer votre posture de leader<\/p>\t\t\t\t\t\t\t\t<\/div>\n\t\t\t\t<\/div>\n\t\t<div class=\"elementor-element elementor-element-4ef9222 e-con-full e-flex e-con e-child\" data-id=\"4ef9222\" data-element_type=\"container\" data-e-type=\"container\" data-settings=\"{&quot;background_background&quot;:&quot;classic&quot;,&quot;background_motion_fx_motion_fx_scrolling&quot;:&quot;yes&quot;,&quot;background_motion_fx_blur_effect&quot;:&quot;yes&quot;,&quot;background_motion_fx_blur_level&quot;:{&quot;unit&quot;:&quot;px&quot;,&quot;size&quot;:8,&quot;sizes&quot;:[]},&quot;background_motion_fx_blur_direction&quot;:&quot;out-in&quot;,&quot;background_motion_fx_blur_range&quot;:{&quot;unit&quot;:&quot;%&quot;,&quot;size&quot;:&quot;&quot;,&quot;sizes&quot;:{&quot;start&quot;:20,&quot;end&quot;:80}},&quot;background_motion_fx_devices&quot;:[&quot;desktop&quot;,&quot;tablet&quot;,&quot;mobile&quot;]}\">\n\t\t\t\t<div class=\"elementor-element elementor-element-3012153 elementor-widget elementor-widget-heading\" data-id=\"3012153\" data-element_type=\"widget\" data-e-type=\"widget\" data-widget_type=\"heading.default\">\n\t\t\t\t\t<h3 class=\"elementor-heading-title elementor-size-default\">Manager en qu\u00eate de r\u00e9alignement<\/h3>\t\t\t\t<\/div>\n\t\t\t\t<div class=\"elementor-element elementor-element-3ce8848 elementor-widget elementor-widget-text-editor\" data-id=\"3ce8848\" data-element_type=\"widget\" data-e-type=\"widget\" data-widget_type=\"text-editor.default\">\n\t\t\t\t\t\t\t\t\t<p>Vous traversez une transition professionnelle, une prise de poste, ou un changement de cap. Vous voulez vous (r\u00e9)aligner sur vos valeurs, red\u00e9finir votre vision, votre ambition, votre mission, avec m\u00e9thode et profondeur.<\/p>\t\t\t\t\t\t\t\t<\/div>\n\t\t\t\t<\/div>\n\t\t\t\t<\/div>\n\t\t\t\t\t<\/div>\n\t\t\t\t<\/div>\n\t\t<div class=\"elementor-element elementor-element-bc45e91 e-flex e-con-boxed e-con e-parent\" data-id=\"bc45e91\" data-element_type=\"container\" data-e-type=\"container\">\n\t\t\t\t\t<div class=\"e-con-inner\">\n\t\t<div class=\"elementor-element elementor-element-421edf2 e-con-full e-flex e-con e-child\" data-id=\"421edf2\" data-element_type=\"container\" data-e-type=\"container\">\n\t\t<div class=\"elementor-element elementor-element-d73b58a e-con-full e-flex e-con e-child\" data-id=\"d73b58a\" data-element_type=\"container\" data-e-type=\"container\" data-settings=\"{&quot;background_background&quot;:&quot;classic&quot;}\">\n\t\t\t\t<\/div>\n\t\t<div class=\"elementor-element elementor-element-9149ee0 e-grid e-con-full e-con e-child\" data-id=\"9149ee0\" data-element_type=\"container\" data-e-type=\"container\">\n\t\t<div class=\"elementor-element elementor-element-8335b62 e-con-full elementor-hidden-tablet elementor-hidden-mobile e-flex e-con e-child\" data-id=\"8335b62\" data-element_type=\"container\" data-e-type=\"container\" data-settings=\"{&quot;background_background&quot;:&quot;classic&quot;}\">\n\t\t\t\t<div class=\"elementor-element elementor-element-6a96aff elementor-widget elementor-widget-text-editor\" data-id=\"6a96aff\" data-element_type=\"widget\" data-e-type=\"widget\" data-widget_type=\"text-editor.default\">\n\t\t\t\t\t\t\t\t\t\n\u00ab\u00a0Forte de plus de 25 ans d&rsquo;exp\u00e9rience \u00e0 des\npostes strat\u00e9giques dans les industries\ncr\u00e9atives, je connais et sais appr\u00e9hender les enjeux, les\nprobl\u00e9matiques, les deadlines, les joies et\nl&rsquo;intensit\u00e9 des m\u00e9tiers de la cr\u00e9ation. \u00bb \t\t\t\t\t\t\t\t<\/div>\n\t\t\t\t<\/div>\n\t\t<div class=\"elementor-element elementor-element-adb5407 e-con-full elementor-hidden-tablet elementor-hidden-mobile e-flex e-con e-child\" data-id=\"adb5407\" data-element_type=\"container\" data-e-type=\"container\">\n\t\t\t\t<\/div>\n\t\t<div class=\"elementor-element elementor-element-64a028d e-con-full elementor-hidden-tablet elementor-hidden-mobile e-flex e-con e-child\" data-id=\"64a028d\" data-element_type=\"container\" data-e-type=\"container\">\n\t\t\t\t<\/div>\n\t\t<div class=\"elementor-element elementor-element-e62e719 e-con-full e-flex e-con e-child\" data-id=\"e62e719\" data-element_type=\"container\" data-e-type=\"container\" data-settings=\"{&quot;background_background&quot;:&quot;classic&quot;}\">\n\t\t\t\t<\/div>\n\t\t\t\t<\/div>\n\t\t\t\t<\/div>\n\t\t<div class=\"elementor-element elementor-element-27972ea e-con-full e-flex e-con e-child\" data-id=\"27972ea\" data-element_type=\"container\" data-e-type=\"container\">\n\t\t\t\t<div class=\"elementor-element elementor-element-60c458c elementor-widget elementor-widget-heading\" data-id=\"60c458c\" data-element_type=\"widget\" data-e-type=\"widget\" data-widget_type=\"heading.default\">\n\t\t\t\t\t<h2 class=\"elementor-heading-title elementor-size-default\">Vos enjeux de leadership<\/h2>\t\t\t\t<\/div>\n\t\t<div class=\"elementor-element elementor-element-51ee87b e-grid e-con-full e-con e-child\" data-id=\"51ee87b\" data-element_type=\"container\" data-e-type=\"container\">\n\t\t<div class=\"elementor-element elementor-element-a2125c6 e-con-full bloc e-flex e-con e-child\" data-id=\"a2125c6\" data-element_type=\"container\" data-e-type=\"container\">\n\t\t\t\t<div class=\"elementor-element elementor-element-83c37d6 elementor-widget elementor-widget-heading\" data-id=\"83c37d6\" data-element_type=\"widget\" data-e-type=\"widget\" data-widget_type=\"heading.default\">\n\t\t\t\t\t<h3 class=\"elementor-heading-title elementor-size-default\">\u00ab Mon \u00e9quipe manque de coh\u00e9sion \u00bb<\/h3>\t\t\t\t<\/div>\n\t\t\t\t<div class=\"elementor-element elementor-element-e1ce0f8 elementor-widget elementor-widget-text-editor\" data-id=\"e1ce0f8\" data-element_type=\"widget\" data-e-type=\"widget\" data-widget_type=\"text-editor.default\">\n\t\t\t\t\t\t\t\t\tChacun avance avec talent, mais pas dans la m\u00eame direction. Les non-dits s&rsquo;accumulent, les d\u00e9cisions se prennent en silo. Ce n&rsquo;est pas un probl\u00e8me de comp\u00e9tences, c&rsquo;est un probl\u00e8me de posture de leader.\t\t\t\t\t\t\t\t<\/div>\n\t\t\t\t<\/div>\n\t\t<div class=\"elementor-element elementor-element-cd9a48d e-con-full bloc e-flex e-con e-child\" data-id=\"cd9a48d\" data-element_type=\"container\" data-e-type=\"container\">\n\t\t\t\t<div class=\"elementor-element elementor-element-cc346ba elementor-widget elementor-widget-heading\" data-id=\"cc346ba\" data-element_type=\"widget\" data-e-type=\"widget\" data-widget_type=\"heading.default\">\n\t\t\t\t\t<h3 class=\"elementor-heading-title elementor-size-default\">\u00ab Je dois renforcer ma confiance en moi et ma prise de d\u00e9cision\u00a0\u00bb<\/h3>\t\t\t\t<\/div>\n\t\t\t\t<div class=\"elementor-element elementor-element-0674d05 elementor-widget elementor-widget-text-editor\" data-id=\"0674d05\" data-element_type=\"widget\" data-e-type=\"widget\" data-widget_type=\"text-editor.default\">\n\t\t\t\t\t\t\t\t\t<p>Confiance en soi, gestion du stress, prise de d\u00e9cision strat\u00e9gique, prise de parole : ces comp\u00e9tences se travaillent. Et elles changent tout dans la relation \u00e0 votre \u00e9quipe, \u00e0 vos clients, \u00e0 vos prospects.<!-- notionvc: a2d9bb3f-945f-4067-a4e3-c33572c22267 --><\/p>\t\t\t\t\t\t\t\t<\/div>\n\t\t\t\t<\/div>\n\t\t<div class=\"elementor-element elementor-element-c370f2b e-con-full bloc e-flex e-con e-child\" data-id=\"c370f2b\" data-element_type=\"container\" data-e-type=\"container\">\n\t\t\t\t<div class=\"elementor-element elementor-element-02e5917 elementor-widget elementor-widget-heading\" data-id=\"02e5917\" data-element_type=\"widget\" data-e-type=\"widget\" data-widget_type=\"heading.default\">\n\t\t\t\t\t<h3 class=\"elementor-heading-title elementor-size-default\">\u00ab Je veux r\u00e9soudre des probl\u00e9matiques complexes de leadership \u00bb<\/h3>\t\t\t\t<\/div>\n\t\t\t\t<div class=\"elementor-element elementor-element-0a5c738 elementor-widget elementor-widget-text-editor\" data-id=\"0a5c738\" data-element_type=\"widget\" data-e-type=\"widget\" data-widget_type=\"text-editor.default\">\n\t\t\t\t\t\t\t\t\t<p>Leadership, management, positionnement, d\u00e9veloppement strat\u00e9gique : ces sujets demandent un regard ext\u00e9rieur aff\u00fbt\u00e9 et un espace de travail en profondeur. Pas un consultant g\u00e9n\u00e9raliste : quelqu&rsquo;un qui conna\u00eet votre secteur, ses enjeux, son intensit\u00e9.<!-- notionvc: 13dcd4e8-959e-4e5b-a6bf-cf869c75432f --><\/p>\t\t\t\t\t\t\t\t<\/div>\n\t\t\t\t<\/div>\n\t\t\t\t<\/div>\n\t\t\t\t<\/div>\n\t\t\t\t\t<\/div>\n\t\t\t\t<\/div>\n\t\t<div class=\"elementor-element elementor-element-5c1f1b1 header-force-light e-flex e-con-boxed e-con e-parent\" data-id=\"5c1f1b1\" data-element_type=\"container\" data-e-type=\"container\" data-settings=\"{&quot;background_background&quot;:&quot;classic&quot;}\">\n\t\t\t\t\t<div class=\"e-con-inner\">\n\t\t<div class=\"elementor-element elementor-element-37cb22c e-con-full e-flex e-con e-child\" data-id=\"37cb22c\" data-element_type=\"container\" data-e-type=\"container\">\n\t\t<div class=\"elementor-element elementor-element-7f54973 e-con-full e-flex e-con e-child\" data-id=\"7f54973\" data-element_type=\"container\" data-e-type=\"container\">\n\t\t\t\t<div class=\"elementor-element elementor-element-f2d2795 elementor-widget elementor-widget-heading\" data-id=\"f2d2795\" data-element_type=\"widget\" data-e-type=\"widget\" data-widget_type=\"heading.default\">\n\t\t\t\t\t<h2 class=\"elementor-heading-title elementor-size-default\">Qui suis-je pour vous accompagner ?<\/h2>\t\t\t\t<\/div>\n\t\t<div class=\"elementor-element elementor-element-cbce548 e-con-full e-flex e-con e-child\" data-id=\"cbce548\" data-element_type=\"container\" data-e-type=\"container\">\n\t\t\t\t<div class=\"elementor-element elementor-element-2576a42 elementor-widget elementor-widget-heading\" data-id=\"2576a42\" data-element_type=\"widget\" data-e-type=\"widget\" data-widget_type=\"heading.default\">\n\t\t\t\t\t<h3 class=\"elementor-heading-title elementor-size-default\">Lili Bonnet, agent pour les professionnels des industries cr\u00e9atives<\/h3>\t\t\t\t<\/div>\n\t\t\t\t<div class=\"elementor-element elementor-element-091131b elementor-widget elementor-widget-text-editor\" data-id=\"091131b\" data-element_type=\"widget\" data-e-type=\"widget\" data-widget_type=\"text-editor.default\">\n\t\t\t\t\t\t\t\t\tParce qu&rsquo;un concepteur doit pouvoir se consacrer \u00e0 ce qu&rsquo;il aime et sait faire le mieux \u2014 cr\u00e9er \u2014 je suis votre partenaire privil\u00e9gi\u00e9e pour r\u00e9soudre des probl\u00e9matiques complexes de leadership, de management, de positionnement et de d\u00e9veloppement au sein d&rsquo;un environnement cr\u00e9atif.\t\t\t\t\t\t\t\t<\/div>\n\t\t\t\t<div class=\"elementor-element elementor-element-595cb41 elementor-widget elementor-widget-text-editor\" data-id=\"595cb41\" data-element_type=\"widget\" data-e-type=\"widget\" data-widget_type=\"text-editor.default\">\n\t\t\t\t\t\t\t\t\t<p>Mon accompagnement individuel professionnel s&rsquo;appuie sur des m\u00e9thodologies reconnues (coaching cognitif comportemental, analyse transactionnelle, outils psychom\u00e9triques si n\u00e9cessaire) adapt\u00e9es \u00e0 votre r\u00e9alit\u00e9 et \u00e0 votre secteur. Je comprends les enjeux, les difficult\u00e9s, les deadlines, les joies et l&rsquo;intensit\u00e9 de votre m\u00e9tier. Je vous apporte des cl\u00e9s, des outils, et je viens aussi vous challenger quand c&rsquo;est n\u00e9cessaire.<\/p>\t\t\t\t\t\t\t\t<\/div>\n\t\t\t\t<\/div>\n\t\t\t\t<div class=\"elementor-element elementor-element-60d6b04 elementor-absolute elementor-hidden-tablet elementor-hidden-mobile elementor-widget-divider--view-line elementor-widget elementor-widget-divider\" data-id=\"60d6b04\" data-element_type=\"widget\" data-e-type=\"widget\" data-settings=\"{&quot;_position&quot;:&quot;absolute&quot;}\" data-widget_type=\"divider.default\">\n\t\t\t\t\t\t\t<div class=\"elementor-divider\">\n\t\t\t<span class=\"elementor-divider-separator\">\n\t\t\t\t\t\t<\/span>\n\t\t<\/div>\n\t\t\t\t\t\t<\/div>\n\t\t\t\t<\/div>\n\t\t\t\t<div class=\"elementor-element elementor-element-8a05890 elementor-align-right elementor-widget elementor-widget-button\" data-id=\"8a05890\" data-element_type=\"widget\" data-e-type=\"widget\" data-widget_type=\"button.default\">\n\t\t\t\t\t\t\t\t\t\t<a class=\"elementor-button elementor-button-link elementor-size-sm\" href=\"https:\/\/www.lilibonnet.com\/en\/a-propos\/\">\n\t\t\t\t\t\t<span class=\"elementor-button-content-wrapper\">\n\t\t\t\t\t\t<span class=\"elementor-button-icon\">\n\t\t\t\t<svg aria-hidden=\"true\" class=\"e-font-icon-svg e-fas-circle\" viewBox=\"0 0 512 512\" xmlns=\"http:\/\/www.w3.org\/2000\/svg\"><path d=\"M256 8C119 8 8 119 8 256s111 248 248 248 248-111 248-248S393 8 256 8z\"><\/path><\/svg>\t\t\t<\/span>\n\t\t\t\t\t\t\t\t\t<span class=\"elementor-button-text\">En savoir plus sur moi<\/span>\n\t\t\t\t\t<\/span>\n\t\t\t\t\t<\/a>\n\t\t\t\t\t\t\t\t<\/div>\n\t\t\t\t<\/div>\n\t\t<div class=\"elementor-element elementor-element-b1c5711 e-con-full e-flex e-con e-child\" data-id=\"b1c5711\" data-element_type=\"container\" data-e-type=\"container\" data-settings=\"{&quot;background_background&quot;:&quot;classic&quot;}\">\n\t\t<div class=\"elementor-element elementor-element-be4d3b3 e-flex e-con-boxed e-con e-child\" data-id=\"be4d3b3\" data-element_type=\"container\" data-e-type=\"container\">\n\t\t\t\t\t<div class=\"e-con-inner\">\n\t\t\t\t<div class=\"elementor-element elementor-element-9e3d98e elementor-absolute elementor-hidden-desktop elementor-hidden-tablet elementor-hidden-mobile elementor-view-default elementor-widget elementor-widget-icon\" data-id=\"9e3d98e\" data-element_type=\"widget\" data-e-type=\"widget\" data-settings=\"{&quot;_position&quot;:&quot;absolute&quot;,&quot;motion_fx_motion_fx_scrolling&quot;:&quot;yes&quot;,&quot;motion_fx_translateY_effect&quot;:&quot;yes&quot;,&quot;motion_fx_translateY_speed&quot;:{&quot;unit&quot;:&quot;px&quot;,&quot;size&quot;:2,&quot;sizes&quot;:[]},&quot;motion_fx_translateY_affectedRange&quot;:{&quot;unit&quot;:&quot;%&quot;,&quot;size&quot;:&quot;&quot;,&quot;sizes&quot;:{&quot;start&quot;:0,&quot;end&quot;:100}},&quot;motion_fx_devices&quot;:[&quot;desktop&quot;,&quot;tablet&quot;,&quot;mobile&quot;]}\" data-widget_type=\"icon.default\">\n\t\t\t\t\t\t\t<div class=\"elementor-icon-wrapper\">\n\t\t\t<div class=\"elementor-icon\">\n\t\t\t<svg aria-hidden=\"true\" class=\"e-font-icon-svg e-fas-circle\" viewBox=\"0 0 512 512\" xmlns=\"http:\/\/www.w3.org\/2000\/svg\"><path d=\"M256 8C119 8 8 119 8 256s111 248 248 248 248-111 248-248S393 8 256 8z\"><\/path><\/svg>\t\t\t<\/div>\n\t\t<\/div>\n\t\t\t\t\t\t<\/div>\n\t\t\t\t<div class=\"elementor-element elementor-element-afeafe5 elementor-absolute e-transform elementor-hidden-tablet elementor-hidden-mobile elementor-widget-divider--view-line elementor-widget elementor-widget-divider\" data-id=\"afeafe5\" data-element_type=\"widget\" data-e-type=\"widget\" data-settings=\"{&quot;_position&quot;:&quot;absolute&quot;,&quot;_transform_rotateZ_effect&quot;:{&quot;unit&quot;:&quot;px&quot;,&quot;size&quot;:90,&quot;sizes&quot;:[]},&quot;_transform_rotateZ_effect_tablet&quot;:{&quot;unit&quot;:&quot;deg&quot;,&quot;size&quot;:&quot;&quot;,&quot;sizes&quot;:[]},&quot;_transform_rotateZ_effect_mobile&quot;:{&quot;unit&quot;:&quot;deg&quot;,&quot;size&quot;:&quot;&quot;,&quot;sizes&quot;:[]}}\" data-widget_type=\"divider.default\">\n\t\t\t\t\t\t\t<div class=\"elementor-divider\">\n\t\t\t<span class=\"elementor-divider-separator\">\n\t\t\t\t\t\t<\/span>\n\t\t<\/div>\n\t\t\t\t\t\t<\/div>\n\t\t\t\t\t<\/div>\n\t\t\t\t<\/div>\n\t\t\t\t<\/div>\n\t\t\t\t\t<\/div>\n\t\t\t\t<\/div>\n\t\t<div class=\"elementor-element elementor-element-dcd6bff e-flex e-con-boxed e-con e-parent\" data-id=\"dcd6bff\" data-element_type=\"container\" data-e-type=\"container\">\n\t\t\t\t\t<div class=\"e-con-inner\">\n\t\t<div class=\"elementor-element elementor-element-c5275fa e-con-full header-force-light e-flex e-con e-child\" data-id=\"c5275fa\" data-element_type=\"container\" data-e-type=\"container\" data-settings=\"{&quot;background_background&quot;:&quot;classic&quot;}\">\n\t\t<div class=\"elementor-element elementor-element-a90ef37 e-con-full e-flex e-con e-child\" data-id=\"a90ef37\" data-element_type=\"container\" data-e-type=\"container\">\n\t\t\t\t<div class=\"elementor-element elementor-element-8598524 elementor-widget elementor-widget-heading\" data-id=\"8598524\" data-element_type=\"widget\" data-e-type=\"widget\" data-widget_type=\"heading.default\">\n\t\t\t\t\t<h2 class=\"elementor-heading-title elementor-size-default\">Ma mission avec vous<\/h2>\t\t\t\t<\/div>\n\t\t\t\t<div class=\"elementor-element elementor-element-36f1912 elementor-widget elementor-widget-text-editor\" data-id=\"36f1912\" data-element_type=\"widget\" data-e-type=\"widget\" data-widget_type=\"text-editor.default\">\n\t\t\t\t\t\t\t\t\t<p>Cr\u00e9er un espace de connexion, de transformation, de travail en profondeur et de r\u00e9flexion strat\u00e9gique. Un espace qui vous appartient, construit autour de votre d\u00e9veloppement personnel et professionnel, et de nulle autre r\u00e9alit\u00e9 que la v\u00f4tre.<\/p>\t\t\t\t\t\t\t\t<\/div>\n\t\t\t\t<\/div>\n\t\t\t\t<\/div>\n\t\t\t\t\t<\/div>\n\t\t\t\t<\/div>\n\t\t<div class=\"elementor-element elementor-element-87d2af9 e-flex e-con-boxed e-con e-parent\" data-id=\"87d2af9\" data-element_type=\"container\" data-e-type=\"container\">\n\t\t\t\t\t<div class=\"e-con-inner\">\n\t\t\t\t<div class=\"elementor-element elementor-element-ca40108 elementor-widget elementor-widget-heading\" data-id=\"ca40108\" data-element_type=\"widget\" data-e-type=\"widget\" data-widget_type=\"heading.default\">\n\t\t\t\t\t<h2 class=\"elementor-heading-title elementor-size-default\">Le programme <span>Creative Leaders<\/span><\/h2>\t\t\t\t<\/div>\n\t\t<div class=\"elementor-element elementor-element-1b0aa1c e-con-full e-flex e-con e-child\" data-id=\"1b0aa1c\" data-element_type=\"container\" data-e-type=\"container\">\n\t\t<div class=\"elementor-element elementor-element-3411162 e-con-full e-flex e-con e-child\" data-id=\"3411162\" data-element_type=\"container\" data-e-type=\"container\" data-settings=\"{&quot;background_background&quot;:&quot;classic&quot;}\">\n\t\t\t\t<\/div>\n\t\t<div class=\"elementor-element elementor-element-6ab0325 e-con-full e-flex e-con e-child\" data-id=\"6ab0325\" data-element_type=\"container\" data-e-type=\"container\">\n\t\t<div class=\"elementor-element elementor-element-5921efd e-con-full e-flex e-con e-child\" data-id=\"5921efd\" data-element_type=\"container\" data-e-type=\"container\">\n\t\t\t\t<div class=\"elementor-element elementor-element-60d0231 elementor-widget elementor-widget-heading\" data-id=\"60d0231\" data-element_type=\"widget\" data-e-type=\"widget\" data-widget_type=\"heading.default\">\n\t\t\t\t\t<h3 class=\"elementor-heading-title elementor-size-default\">Un accompagnement individuel sur-mesure de 6 mois<\/h3>\t\t\t\t<\/div>\n\t\t<div class=\"elementor-element elementor-element-5c299e1 e-con-full e-flex e-con e-child\" data-id=\"5c299e1\" data-element_type=\"container\" data-e-type=\"container\">\n\t\t\t\t<div class=\"elementor-element elementor-element-a47f9f4 elementor-widget elementor-widget-text-editor\" data-id=\"a47f9f4\" data-element_type=\"widget\" data-e-type=\"widget\" data-widget_type=\"text-editor.default\">\n\t\t\t\t\t\t\t\t\tUne s\u00e9ance de 2h30 par mois \u00e0 Paris ou en visio\t\t\t\t\t\t\t\t<\/div>\n\t\t\t\t<div class=\"elementor-element elementor-element-b1010ce elementor-widget elementor-widget-text-editor\" data-id=\"b1010ce\" data-element_type=\"widget\" data-e-type=\"widget\" data-widget_type=\"text-editor.default\">\n\t\t\t\t\t\t\t\t\t<p>On se retrouve \u00e0 votre bureau, dans un lieu dont nous appr\u00e9cions l&rsquo;esth\u00e9tique, en marchant, en visio, selon l&rsquo;inspiration, l&rsquo;envie, le besoin. Pour lever des blocages et travailler des probl\u00e9matiques en profondeur : contenu, strat\u00e9gie, plans d&rsquo;action, gestion du stress, prise de parole, transitions professionnelles, prise de poste.<\/p>\t\t\t\t\t\t\t\t<\/div>\n\t\t\t\t<\/div>\n\t\t<div class=\"elementor-element elementor-element-16e02d1 e-con-full e-flex e-con e-child\" data-id=\"16e02d1\" data-element_type=\"container\" data-e-type=\"container\">\n\t\t\t\t<div class=\"elementor-element elementor-element-6a6314f elementor-widget elementor-widget-text-editor\" data-id=\"6a6314f\" data-element_type=\"widget\" data-e-type=\"widget\" data-widget_type=\"text-editor.default\">\n\t\t\t\t\t\t\t\t\t<p><span class=\"notion-enable-hover\" data-token-index=\"0\">L&rsquo;acc\u00e8s privil\u00e9gi\u00e9 \u00e0 la Hotline LBM<\/span><!-- notionvc: bd4a578e-2d15-4297-b41c-b9e9766d92bb --><\/p>\t\t\t\t\t\t\t\t<\/div>\n\t\t\t\t<div class=\"elementor-element elementor-element-10003a5 elementor-widget elementor-widget-text-editor\" data-id=\"10003a5\" data-element_type=\"widget\" data-e-type=\"widget\" data-widget_type=\"text-editor.default\">\n\t\t\t\t\t\t\t\t\t<p>Du lundi au vendredi, de 9h \u00e0 18h. R\u00e9ponse garantie dans les 24h ouvr\u00e9es. Pour du pep talk et des \u00e9changes rapides (\u00e9crits et\/ou vocaux) sur des questions pr\u00e9cises.<\/p>\t\t\t\t\t\t\t\t<\/div>\n\t\t\t\t<\/div>\n\t\t<div class=\"elementor-element elementor-element-77fba85 e-con-full e-flex e-con e-child\" data-id=\"77fba85\" data-element_type=\"container\" data-e-type=\"container\">\n\t\t\t\t<div class=\"elementor-element elementor-element-4b8d6b8 elementor-widget elementor-widget-text-editor\" data-id=\"4b8d6b8\" data-element_type=\"widget\" data-e-type=\"widget\" data-widget_type=\"text-editor.default\">\n\t\t\t\t\t\t\t\t\t<p><span class=\"discussion-level-1 discussion-id-38b07c61-207a-8069-bdab-001c0f427246 notion-enable-hover\" data-token-index=\"0\">Du <em>homework<\/em><\/span><!-- notionvc: b9cec06c-24b2-4a44-9225-c2660c5143ed --><\/p>\t\t\t\t\t\t\t\t<\/div>\n\t\t\t\t<div class=\"elementor-element elementor-element-116e2e8 elementor-widget elementor-widget-text-editor\" data-id=\"116e2e8\" data-element_type=\"widget\" data-e-type=\"widget\" data-widget_type=\"text-editor.default\">\n\t\t\t\t\t\t\t\t\t<p><span class=\"discussion-level-1 discussion-id-38b07c61-207a-8069-bdab-001c0f427246 notion-enable-hover\" data-token-index=\"0\">Entre les s\u00e9ances, je peux vous proposer du travail introspectif et visionnaire pour ancrer la progression et pr\u00e9parer la suite.<\/span><!-- notionvc: 5d2060a3-3c57-499c-a401-d57052513226 --><\/p>\t\t\t\t\t\t\t\t<\/div>\n\t\t\t\t<\/div>\n\t\t\t\t<\/div>\n\t\t\t\t<\/div>\n\t\t\t\t<\/div>\n\t\t<div class=\"elementor-element elementor-element-a7f0088 e-con-full e-flex e-con e-child\" data-id=\"a7f0088\" data-element_type=\"container\" data-e-type=\"container\">\n\t\t\t\t<div class=\"elementor-element elementor-element-19bca46 elementor-widget__width-auto elementor-widget elementor-widget-heading\" data-id=\"19bca46\" data-element_type=\"widget\" data-e-type=\"widget\" data-widget_type=\"heading.default\">\n\t\t\t\t\t<h3 class=\"elementor-heading-title elementor-size-default\">Un engagement de 6 mois, \u00e9volutif<\/h3>\t\t\t\t<\/div>\n\t\t\t\t<div class=\"elementor-element elementor-element-7616320 elementor-widget__width-initial elementor-widget elementor-widget-text-editor\" data-id=\"7616320\" data-element_type=\"widget\" data-e-type=\"widget\" data-widget_type=\"text-editor.default\">\n\t\t\t\t\t\t\t\t\t<p><strong>6 mois minimum pour des r\u00e9sultats r\u00e9els et durables<\/strong> sur votre d\u00e9veloppement professionnel. Avec la possibilit\u00e9 ensuite de continuer, mettre en pause ou reprendre \u00e0 l&rsquo;envi, selon votre rythme et votre \u00e9volution. J\u2019accompagne certains clients depuis plusieurs ann\u00e9es.<\/p><p><!-- notionvc: e52bfd60-f80f-4e83-891b-47254988af13 --><\/p>\t\t\t\t\t\t\t\t<\/div>\n\t\t\t\t<div class=\"elementor-element elementor-element-6cca2b9 elementor-absolute elementor-view-default elementor-widget elementor-widget-icon\" data-id=\"6cca2b9\" data-element_type=\"widget\" data-e-type=\"widget\" data-settings=\"{&quot;_position&quot;:&quot;absolute&quot;,&quot;motion_fx_motion_fx_scrolling&quot;:&quot;yes&quot;,&quot;motion_fx_translateY_effect&quot;:&quot;yes&quot;,&quot;motion_fx_translateY_direction&quot;:&quot;negative&quot;,&quot;motion_fx_translateY_speed&quot;:{&quot;unit&quot;:&quot;px&quot;,&quot;size&quot;:1,&quot;sizes&quot;:[]},&quot;motion_fx_translateY_affectedRange&quot;:{&quot;unit&quot;:&quot;%&quot;,&quot;size&quot;:&quot;&quot;,&quot;sizes&quot;:{&quot;start&quot;:0,&quot;end&quot;:100}},&quot;motion_fx_devices&quot;:[&quot;desktop&quot;,&quot;tablet&quot;,&quot;mobile&quot;]}\" data-widget_type=\"icon.default\">\n\t\t\t\t\t\t\t<div class=\"elementor-icon-wrapper\">\n\t\t\t<div class=\"elementor-icon\">\n\t\t\t<svg aria-hidden=\"true\" class=\"e-font-icon-svg e-fas-circle\" viewBox=\"0 0 512 512\" xmlns=\"http:\/\/www.w3.org\/2000\/svg\"><path d=\"M256 8C119 8 8 119 8 256s111 248 248 248 248-111 248-248S393 8 256 8z\"><\/path><\/svg>\t\t\t<\/div>\n\t\t<\/div>\n\t\t\t\t\t\t<\/div>\n\t\t\t\t<div class=\"elementor-element elementor-element-f708b60 elementor-absolute elementor-hidden-tablet elementor-hidden-mobile elementor-widget-divider--view-line elementor-widget elementor-widget-divider\" data-id=\"f708b60\" data-element_type=\"widget\" data-e-type=\"widget\" data-settings=\"{&quot;_position&quot;:&quot;absolute&quot;}\" data-widget_type=\"divider.default\">\n\t\t\t\t\t\t\t<div class=\"elementor-divider\">\n\t\t\t<span class=\"elementor-divider-separator\">\n\t\t\t\t\t\t<\/span>\n\t\t<\/div>\n\t\t\t\t\t\t<\/div>\n\t\t\t\t<\/div>\n\t\t<div class=\"elementor-element elementor-element-b544099 e-con-full e-flex e-con e-child\" data-id=\"b544099\" data-element_type=\"container\" data-e-type=\"container\">\n\t\t<div class=\"elementor-element elementor-element-73efa16 e-con-full e-flex e-con e-child\" data-id=\"73efa16\" data-element_type=\"container\" data-e-type=\"container\">\n\t\t<div class=\"elementor-element elementor-element-9e30b43 e-con-full e-flex e-con e-child\" data-id=\"9e30b43\" data-element_type=\"container\" data-e-type=\"container\">\n\t\t\t\t<div class=\"elementor-element elementor-element-dfc3a08 elementor-widget elementor-widget-heading\" data-id=\"dfc3a08\" data-element_type=\"widget\" data-e-type=\"widget\" data-widget_type=\"heading.default\">\n\t\t\t\t\t<h3 class=\"elementor-heading-title elementor-size-default\">Financement<\/h3>\t\t\t\t<\/div>\n\t\t\t\t<div class=\"elementor-element elementor-element-3ad7820 elementor-widget elementor-widget-text-editor\" data-id=\"3ad7820\" data-element_type=\"widget\" data-e-type=\"widget\" data-widget_type=\"text-editor.default\">\n\t\t\t\t\t\t\t\t\t<p><span class=\"discussion-level-1 discussion-id-38b07c61-207a-8000-a717-001ca7eaa1f9 notion-enable-hover\" data-token-index=\"0\">Creative Leaders est \u00e9ligible \u00e0 un financement partiel via OPCO, gr\u00e2ce \u00e0 la certification <\/span><span class=\"discussion-level-1 discussion-id-38b07c61-207a-8000-a717-001ca7eaa1f9 notion-enable-hover\" data-token-index=\"1\">Qualiopi<\/span><span class=\"discussion-level-1 discussion-id-38b07c61-207a-8000-a717-001ca7eaa1f9 notion-enable-hover\" data-token-index=\"2\"> de LBM (N\u00b0 25FOR00057.1). Contactez-moi pour en savoir plus.<\/span><\/p>\t\t\t\t\t\t\t\t<\/div>\n\t\t\t\t<\/div>\n\t\t\t\t<\/div>\n\t\t<div class=\"elementor-element elementor-element-c3cb4e5 e-con-full e-flex e-con e-child\" data-id=\"c3cb4e5\" data-element_type=\"container\" data-e-type=\"container\" data-settings=\"{&quot;background_background&quot;:&quot;classic&quot;}\">\n\t\t<div class=\"elementor-element elementor-element-5f7a255 e-con-full e-flex e-con e-child\" data-id=\"5f7a255\" data-element_type=\"container\" data-e-type=\"container\">\n\t\t<div class=\"elementor-element elementor-element-d862c28 e-con-full elementor-hidden-tablet elementor-hidden-mobile e-flex e-con e-child\" data-id=\"d862c28\" data-element_type=\"container\" data-e-type=\"container\" data-settings=\"{&quot;background_background&quot;:&quot;classic&quot;}\">\n\t\t\t\t<\/div>\n\t\t\t\t<\/div>\n\t\t<div class=\"elementor-element elementor-element-a9792c2 e-con-full e-flex e-con e-child\" data-id=\"a9792c2\" data-element_type=\"container\" data-e-type=\"container\">\n\t\t<div class=\"elementor-element elementor-element-83f5cc7 e-con-full e-flex e-con e-child\" data-id=\"83f5cc7\" data-element_type=\"container\" data-e-type=\"container\" data-settings=\"{&quot;background_background&quot;:&quot;classic&quot;}\">\n\t\t\t\t<\/div>\n\t\t\t\t<\/div>\n\t\t<div class=\"elementor-element elementor-element-9743627 e-con-full e-flex e-con e-child\" data-id=\"9743627\" data-element_type=\"container\" data-e-type=\"container\">\n\t\t<div class=\"elementor-element elementor-element-a59d78d e-con-full elementor-hidden-tablet elementor-hidden-mobile e-flex e-con e-child\" data-id=\"a59d78d\" data-element_type=\"container\" data-e-type=\"container\" data-settings=\"{&quot;background_background&quot;:&quot;classic&quot;}\">\n\t\t\t\t<div class=\"elementor-element elementor-element-0d269ba elementor-widget elementor-widget-text-editor\" data-id=\"0d269ba\" data-element_type=\"widget\" data-e-type=\"widget\" data-widget_type=\"text-editor.default\">\n\t\t\t\t\t\t\t\t\t<p>\u00ab Je suis comme mes clients ; nous avons une<\/p><p>sensibilit\u00e9 et une curiosit\u00e9 exacerb\u00e9es.<\/p><p>L&rsquo;environnement a un r\u00e9el impact sur nous ; c\u2019est donc primordial de faire respecter ses limites et poser son cadre clairement. \u201e<\/p>\t\t\t\t\t\t\t\t<\/div>\n\t\t\t\t<\/div>\n\t\t\t\t<\/div>\n\t\t\t\t<\/div>\n\t\t\t\t<\/div>\n\t\t\t\t\t<\/div>\n\t\t\t\t<\/div>\n\t\t<div class=\"elementor-element elementor-element-0c7ac7a e-flex e-con-boxed e-con e-parent\" data-id=\"0c7ac7a\" data-element_type=\"container\" data-e-type=\"container\">\n\t\t\t\t\t<div class=\"e-con-inner\">\n\t\t\t\t<div class=\"elementor-element elementor-element-91d4c13 elementor-widget elementor-widget-heading\" data-id=\"91d4c13\" data-element_type=\"widget\" data-e-type=\"widget\" data-widget_type=\"heading.default\">\n\t\t\t\t\t<h2 class=\"elementor-heading-title elementor-size-default\">Leurs avis<\/h2>\t\t\t\t<\/div>\n\t\t\t\t<div class=\"elementor-element elementor-element-e178375 e-n-tabs-mobile elementor-widget elementor-widget-n-tabs\" data-id=\"e178375\" data-element_type=\"widget\" data-e-type=\"widget\" data-widget_type=\"nested-tabs.default\">\n\t\t\t\t\t\t\t<div class=\"e-n-tabs\" data-widget-number=\"236422005\" aria-label=\"Onglets. Ouvrez des \u00e9l\u00e9ments avec Entrer ou Espace, fermez-les avec Echape et naviguez \u00e0 l&#039;aide des touches fl\u00e9ch\u00e9es.\">\n\t\t\t<div class=\"e-n-tabs-heading\" role=\"tablist\">\n\t\t\t\t\t<button id=\"e-n-tab-title-2364220051\" data-tab-title-id=\"e-n-tab-title-2364220051\" class=\"e-n-tab-title\" aria-selected=\"true\" data-tab-index=\"1\" role=\"tab\" tabindex=\"0\" aria-controls=\"e-n-tab-content-2364220051\" style=\"--n-tabs-title-order: 1;\">\n\t\t\t\t\t<span class=\"e-n-tab-icon\">\n\t\t\t<svg aria-hidden=\"true\" class=\"e-font-icon-svg e-fas-circle\" viewBox=\"0 0 512 512\" xmlns=\"http:\/\/www.w3.org\/2000\/svg\"><path d=\"M256 8C119 8 8 119 8 256s111 248 248 248 248-111 248-248S393 8 256 8z\"><\/path><\/svg>\t\t\t<svg aria-hidden=\"true\" class=\"e-font-icon-svg e-fas-circle\" viewBox=\"0 0 512 512\" xmlns=\"http:\/\/www.w3.org\/2000\/svg\"><path d=\"M256 8C119 8 8 119 8 256s111 248 248 248 248-111 248-248S393 8 256 8z\"><\/path><\/svg>\t\t<\/span>\n\t\t\t\t\t<span class=\"e-n-tab-title-text\">\n\t\t\t\tXavier Brunswick \t\t\t<\/span>\n\t\t<\/button>\n\t\t\t\t<button id=\"e-n-tab-title-2364220052\" data-tab-title-id=\"e-n-tab-title-2364220052\" class=\"e-n-tab-title\" aria-selected=\"false\" data-tab-index=\"2\" role=\"tab\" tabindex=\"-1\" aria-controls=\"e-n-tab-content-2364220052\" style=\"--n-tabs-title-order: 2;\">\n\t\t\t\t\t<span class=\"e-n-tab-icon\">\n\t\t\t<svg aria-hidden=\"true\" class=\"e-font-icon-svg e-fas-circle\" viewBox=\"0 0 512 512\" xmlns=\"http:\/\/www.w3.org\/2000\/svg\"><path d=\"M256 8C119 8 8 119 8 256s111 248 248 248 248-111 248-248S393 8 256 8z\"><\/path><\/svg>\t\t\t<svg aria-hidden=\"true\" class=\"e-font-icon-svg e-fas-circle\" viewBox=\"0 0 512 512\" xmlns=\"http:\/\/www.w3.org\/2000\/svg\"><path d=\"M256 8C119 8 8 119 8 256s111 248 248 248 248-111 248-248S393 8 256 8z\"><\/path><\/svg>\t\t<\/span>\n\t\t\t\t\t<span class=\"e-n-tab-title-text\">\n\t\t\t\tOlivia Massimi\t\t\t<\/span>\n\t\t<\/button>\n\t\t\t\t<button id=\"e-n-tab-title-2364220053\" data-tab-title-id=\"e-n-tab-title-2364220053\" class=\"e-n-tab-title\" aria-selected=\"false\" data-tab-index=\"3\" role=\"tab\" tabindex=\"-1\" aria-controls=\"e-n-tab-content-2364220053\" style=\"--n-tabs-title-order: 3;\">\n\t\t\t\t\t<span class=\"e-n-tab-icon\">\n\t\t\t<svg aria-hidden=\"true\" class=\"e-font-icon-svg e-fas-circle\" viewBox=\"0 0 512 512\" xmlns=\"http:\/\/www.w3.org\/2000\/svg\"><path d=\"M256 8C119 8 8 119 8 256s111 248 248 248 248-111 248-248S393 8 256 8z\"><\/path><\/svg>\t\t\t<svg aria-hidden=\"true\" class=\"e-font-icon-svg e-fas-circle\" viewBox=\"0 0 512 512\" xmlns=\"http:\/\/www.w3.org\/2000\/svg\"><path d=\"M256 8C119 8 8 119 8 256s111 248 248 248 248-111 248-248S393 8 256 8z\"><\/path><\/svg>\t\t<\/span>\n\t\t\t\t\t<span class=\"e-n-tab-title-text\">\n\t\t\t\tLaurence Revol\t\t\t<\/span>\n\t\t<\/button>\n\t\t\t\t<button id=\"e-n-tab-title-2364220054\" data-tab-title-id=\"e-n-tab-title-2364220054\" class=\"e-n-tab-title\" aria-selected=\"false\" data-tab-index=\"4\" role=\"tab\" tabindex=\"-1\" aria-controls=\"e-n-tab-content-2364220054\" style=\"--n-tabs-title-order: 4;\">\n\t\t\t\t\t<span class=\"e-n-tab-icon\">\n\t\t\t<svg aria-hidden=\"true\" class=\"e-font-icon-svg e-fas-circle\" viewBox=\"0 0 512 512\" xmlns=\"http:\/\/www.w3.org\/2000\/svg\"><path d=\"M256 8C119 8 8 119 8 256s111 248 248 248 248-111 248-248S393 8 256 8z\"><\/path><\/svg>\t\t\t<svg aria-hidden=\"true\" class=\"e-font-icon-svg e-fas-circle\" viewBox=\"0 0 512 512\" xmlns=\"http:\/\/www.w3.org\/2000\/svg\"><path d=\"M256 8C119 8 8 119 8 256s111 248 248 248 248-111 248-248S393 8 256 8z\"><\/path><\/svg>\t\t<\/span>\n\t\t\t\t\t<span class=\"e-n-tab-title-text\">\n\t\t\t\tAnnick Tapernoux\t\t\t<\/span>\n\t\t<\/button>\n\t\t\t\t<button id=\"e-n-tab-title-2364220055\" data-tab-title-id=\"e-n-tab-title-2364220055\" class=\"e-n-tab-title\" aria-selected=\"false\" data-tab-index=\"5\" role=\"tab\" tabindex=\"-1\" aria-controls=\"e-n-tab-content-2364220055\" style=\"--n-tabs-title-order: 5;\">\n\t\t\t\t\t<span class=\"e-n-tab-icon\">\n\t\t\t<svg aria-hidden=\"true\" class=\"e-font-icon-svg e-fas-circle\" viewBox=\"0 0 512 512\" xmlns=\"http:\/\/www.w3.org\/2000\/svg\"><path d=\"M256 8C119 8 8 119 8 256s111 248 248 248 248-111 248-248S393 8 256 8z\"><\/path><\/svg>\t\t\t<svg aria-hidden=\"true\" class=\"e-font-icon-svg e-fas-circle\" viewBox=\"0 0 512 512\" xmlns=\"http:\/\/www.w3.org\/2000\/svg\"><path d=\"M256 8C119 8 8 119 8 256s111 248 248 248 248-111 248-248S393 8 256 8z\"><\/path><\/svg>\t\t<\/span>\n\t\t\t\t\t<span class=\"e-n-tab-title-text\">\n\t\t\t\tMargaux Lafond\t\t\t<\/span>\n\t\t<\/button>\n\t\t\t\t<button id=\"e-n-tab-title-2364220056\" data-tab-title-id=\"e-n-tab-title-2364220056\" class=\"e-n-tab-title\" aria-selected=\"false\" data-tab-index=\"6\" role=\"tab\" tabindex=\"-1\" aria-controls=\"e-n-tab-content-2364220056\" style=\"--n-tabs-title-order: 6;\">\n\t\t\t\t\t<span class=\"e-n-tab-icon\">\n\t\t\t<svg aria-hidden=\"true\" class=\"e-font-icon-svg e-fas-circle\" viewBox=\"0 0 512 512\" xmlns=\"http:\/\/www.w3.org\/2000\/svg\"><path d=\"M256 8C119 8 8 119 8 256s111 248 248 248 248-111 248-248S393 8 256 8z\"><\/path><\/svg>\t\t\t<svg aria-hidden=\"true\" class=\"e-font-icon-svg e-fas-circle\" viewBox=\"0 0 512 512\" xmlns=\"http:\/\/www.w3.org\/2000\/svg\"><path d=\"M256 8C119 8 8 119 8 256s111 248 248 248 248-111 248-248S393 8 256 8z\"><\/path><\/svg>\t\t<\/span>\n\t\t\t\t\t<span class=\"e-n-tab-title-text\">\n\t\t\t\tMarie-Am\u00e9lie Poisson\t\t\t<\/span>\n\t\t<\/button>\n\t\t\t\t\t<\/div>\n\t\t\t<div class=\"e-n-tabs-content\">\n\t\t\t\t<div id=\"e-n-tab-content-2364220051\" role=\"tabpanel\" aria-labelledby=\"e-n-tab-title-2364220051\" data-tab-index=\"1\" style=\"--n-tabs-title-order: 1;\" class=\"e-active elementor-element elementor-element-259692c e-con-full header-force-light e-flex e-con e-child\" data-id=\"259692c\" data-element_type=\"container\" data-e-type=\"container\">\n\t\t\t\t<div class=\"elementor-element elementor-element-81676c7 elementor-widget elementor-widget-text-editor\" data-id=\"81676c7\" data-element_type=\"widget\" data-e-type=\"widget\" data-widget_type=\"text-editor.default\">\n\t\t\t\t\t\t\t\t\t<p class=\"p1\"><span class=\"s1\">\u00ab\u00a0Travailler avec Lili a \u00e9t\u00e9 un vrai tournant pour Brunswick Art + Design\u00a0!<\/span><\/p><p class=\"p1\"><span class=\"s1\">Sur le plan de l&rsquo;image, j&rsquo;avais de tr\u00e8s belles pi\u00e8ces mais une pr\u00e9sentation qui ne leur rendait pas justice. Elle m&rsquo;a aid\u00e9 \u00e0 affirmer une identit\u00e9 visuelle coh\u00e9rente &#8211; texte biographique, shooting portrait pro, cartes de visite, supports de communication &#8211; tout ce qui fait qu&rsquo;un galeriste inspire confiance avant m\u00eame qu&rsquo;on franchisse la porte.<\/span><\/p><p class=\"p1\"><span class=\"s1\">Mais ce qui a \u00e9t\u00e9 le plus d\u00e9terminant, c&rsquo;est l&rsquo;acc\u00e8s \u00e0 son r\u00e9seau. Elle a organis\u00e9 des mises en relation concr\u00e8tes avec des architectes d&rsquo;int\u00e9rieur et des d\u00e9corateurs qui sont devenus des partenaires r\u00e9guliers &#8211; ce type de collaboration est aujourd&rsquo;hui structurant pour mon activit\u00e9.<\/span><\/p><p class=\"p1\"><span class=\"s1\">Enfin, elle m&rsquo;a aid\u00e9 \u00e0 poser des bases solides c\u00f4t\u00e9 gestion : tableaux de suivi des ventes et du stock, clarification de la comptabilit\u00e9. Des fondations sans lesquelles il est difficile de grandir sereinement.<\/span><\/p><p class=\"p1\"><span class=\"s1\">Un accompagnement rare, \u00e0 la fois strat\u00e9gique et tr\u00e8s concret, et qui m\u2019a r\u00e9solument donn\u00e9 confiance en moi\u00a0!\u00a0\u00bb<\/span><\/p>\t\t\t\t\t\t\t\t<\/div>\n\t\t\t\t<div class=\"elementor-element elementor-element-13d0b48 elementor-widget elementor-widget-text-editor\" data-id=\"13d0b48\" data-element_type=\"widget\" data-e-type=\"widget\" data-widget_type=\"text-editor.default\">\n\t\t\t\t\t\t\t\t\tXavier Brunswick, Galeriste \t\t\t\t\t\t\t\t<\/div>\n\t\t\t\t<\/div>\n\t\t<div id=\"e-n-tab-content-2364220052\" role=\"tabpanel\" aria-labelledby=\"e-n-tab-title-2364220052\" data-tab-index=\"2\" style=\"--n-tabs-title-order: 2;\" class=\" elementor-element elementor-element-ac74b29 e-con-full e-flex e-con e-child\" data-id=\"ac74b29\" data-element_type=\"container\" data-e-type=\"container\">\n\t\t\t\t<div class=\"elementor-element elementor-element-3d7375c elementor-widget elementor-widget-text-editor\" data-id=\"3d7375c\" data-element_type=\"widget\" data-e-type=\"widget\" data-widget_type=\"text-editor.default\">\n\t\t\t\t\t\t\t\t\t<p>\u00ab\u00a0Lili m\u2019a accompagn\u00e9e pendant plusieurs mois pour restructurer et d\u00e9velopper mon activit\u00e9 ainsi que ma visibilit\u00e9. Je l\u2019ai sollicit\u00e9e afin de d\u00e9bloquer certains points pr\u00e9cis et gagner en clart\u00e9 dans mes prises de d\u00e9cision.<\/p><p>\u00a0<\/p><p>D\u00e8s notre premi\u00e8re s\u00e9ance, j\u2019ai ressenti un v\u00e9ritable d\u00e9clic. Lili a cette capacit\u00e9 \u00e0 poser les bons mots au bon moment, permettant des prises de conscience rapides, justes et particuli\u00e8rement efficaces.<\/p><p>Sa \u00ab hotline LBM \u00bb est un v\u00e9ritable atout : elle est extr\u00eamement r\u00e9active, toujours disponible pour r\u00e9pondre aux questions et apporter un \u00e9clairage pertinent. Quand on est entrepreneur et seule aux commandes de son entreprise, ce soutien est tout simplement pr\u00e9cieux.<\/p><p>\u00a0<\/p><p>Si vous avez besoin d\u2019un regard ext\u00e9rieur, d\u2019un accompagnement strat\u00e9gique ou simplement d\u2019un coup de pouce pour avancer avec plus de s\u00e9r\u00e9nit\u00e9, vous pouvez faire appel \u00e0 elle les yeux ferm\u00e9s.<\/p><p>Au-del\u00e0 de ses comp\u00e9tences, son \u00e9nergie communicative, sa bonne humeur et sa positivit\u00e9 font de chaque s\u00e9ance un moment \u00e0 la fois stimulant, enrichissant et agr\u00e9able. On repart avec des id\u00e9es claires, de l\u2019\u00e9lan et l\u2019envie d\u2019avancer.\u00a0\u00bb<!-- notionvc: 48aa3793-8609-476b-a223-206c9109287e --><!-- notionvc: 6bda80ef-7676-426b-ba48-136e8e4686f3 --><\/p>\t\t\t\t\t\t\t\t<\/div>\n\t\t\t\t<div class=\"elementor-element elementor-element-8c8c824 elementor-widget elementor-widget-text-editor\" data-id=\"8c8c824\" data-element_type=\"widget\" data-e-type=\"widget\" data-widget_type=\"text-editor.default\">\n\t\t\t\t\t\t\t\t\t<p>Olivia Massimi, Architecte d\u2019int\u00e9rieur<!-- notionvc: e05b8f52-6e3d-4c96-a228-1b4994d92608 --><br \/><!-- notionvc: 74c65f19-2e22-4226-a9d6-d916952b0043 --><\/p>\t\t\t\t\t\t\t\t<\/div>\n\t\t\t\t<\/div>\n\t\t<div id=\"e-n-tab-content-2364220053\" role=\"tabpanel\" aria-labelledby=\"e-n-tab-title-2364220053\" data-tab-index=\"3\" style=\"--n-tabs-title-order: 3;\" class=\" elementor-element elementor-element-1a3ac0d e-con-full e-flex e-con e-child\" data-id=\"1a3ac0d\" data-element_type=\"container\" data-e-type=\"container\">\n\t\t\t\t<div class=\"elementor-element elementor-element-0a51039 elementor-widget elementor-widget-text-editor\" data-id=\"0a51039\" data-element_type=\"widget\" data-e-type=\"widget\" data-widget_type=\"text-editor.default\">\n\t\t\t\t\t\t\t\t\t<p>\u00ab\u00a0J&rsquo;ai rencontr\u00e9 Lili \u00e0 un d\u00eener, elle connaissait d\u00e9j\u00e0 mon travail, et \u00e7a a cliqu\u00e9 tr\u00e8s vite. Elle a si bien su m&#8217;embarquer avec son \u00e9nergie d\u00e9tonante, que quelques semaines plus tard je prenais rdv avec ses couleurs et son gros carnet de notes.<br \/><br \/>Confiance absolue en lui r\u00e9v\u00e9lant ma fa\u00e7on de travailler, mes (non)-routines, mes\u00a0emp\u00eachements, et toutes mes particularit\u00e9s qui n\u00e9cessitaient un petit d\u00e9broussaillage. Deux, trois coups de s\u00e9cateur dans le tas, Lili-la-boussole m&rsquo;a aid\u00e9e \u00e0 sortir de mes for\u00eats labyrinthiques. <br \/><br \/>Enthousiaste, chaleureuse,\u00a0enveloppante\u00a0et \u00e9clair\u00e9e, avec sa grande finesse d&rsquo;esprit et sa bo\u00eete \u00e0 outils, le chemin est devenu plus solide. Elle est aussi la gardienne de nos citations improbables qu&rsquo;elle aime nous rappeler autour d&rsquo;un d\u00e9jeuner. La psychologie des cr\u00e9atifs coule dans ses veines. Lili, c&rsquo;est la hotline rassurante qu&rsquo;on r\u00eave d&rsquo;avoir en forfait illimit\u00e9 tout au long\u00a0de sa carri\u00e8re.\u00a0\u00bb<!-- notionvc: 9cedf450-3d4d-4216-9c1d-d7e4f23f31c2 --><\/p>\t\t\t\t\t\t\t\t<\/div>\n\t\t\t\t<div class=\"elementor-element elementor-element-8046a76 elementor-widget elementor-widget-text-editor\" data-id=\"8046a76\" data-element_type=\"widget\" data-e-type=\"widget\" data-widget_type=\"text-editor.default\">\n\t\t\t\t\t\t\t\t\tLaurence Revol, Photographe\t\t\t\t\t\t\t\t<\/div>\n\t\t\t\t<\/div>\n\t\t<div id=\"e-n-tab-content-2364220054\" role=\"tabpanel\" aria-labelledby=\"e-n-tab-title-2364220054\" data-tab-index=\"4\" style=\"--n-tabs-title-order: 4;\" class=\" elementor-element elementor-element-4c19a1b e-con-full e-flex e-con e-child\" data-id=\"4c19a1b\" data-element_type=\"container\" data-e-type=\"container\">\n\t\t\t\t<div class=\"elementor-element elementor-element-c337b0e elementor-widget elementor-widget-text-editor\" data-id=\"c337b0e\" data-element_type=\"widget\" data-e-type=\"widget\" data-widget_type=\"text-editor.default\">\n\t\t\t\t\t\t\t\t\t<p>\u00ab\u00a0Solaire, cash, rigoureuse, attentive, intuitive, attachante, Lili m\u2019a permis de prendre conscience de la valeur de mon travail et \u00e0 l\u2019exploiter.<\/p><p>\u00a0<\/p><p>Je me rends compte aujourd\u2019hui que les b\u00e9n\u00e9fices de son accompagnement continuent de se r\u00e9v\u00e9ler bien apr\u00e8s le travail (je dirais plut\u00f4t le jeu) que nous avons fait ensemble.<\/p><p>\u00a0<\/p><p>C\u2019est comme si elle avait appuy\u00e9 sur un bouton qui existait en vous mais dont vous n\u2019aviez pas conscience.\u00a0\u00bb<!-- notionvc: 8e70b81c-9a82-46c3-b947-b1611bf2f924 --><\/p>\t\t\t\t\t\t\t\t<\/div>\n\t\t\t\t<div class=\"elementor-element elementor-element-f7af549 elementor-widget elementor-widget-text-editor\" data-id=\"f7af549\" data-element_type=\"widget\" data-e-type=\"widget\" data-widget_type=\"text-editor.default\">\n\t\t\t\t\t\t\t\t\tAnnick Tapernoux, Artiste &#038; Orf\u00e8vre\t\t\t\t\t\t\t\t<\/div>\n\t\t\t\t<\/div>\n\t\t<div id=\"e-n-tab-content-2364220055\" role=\"tabpanel\" aria-labelledby=\"e-n-tab-title-2364220055\" data-tab-index=\"5\" style=\"--n-tabs-title-order: 5;\" class=\" elementor-element elementor-element-aa58446 e-con-full e-flex e-con e-child\" data-id=\"aa58446\" data-element_type=\"container\" data-e-type=\"container\">\n\t\t\t\t<div class=\"elementor-element elementor-element-aa7d8f6 elementor-widget elementor-widget-text-editor\" data-id=\"aa7d8f6\" data-element_type=\"widget\" data-e-type=\"widget\" data-widget_type=\"text-editor.default\">\n\t\t\t\t\t\t\t\t\t\u00ab\u00a0Lili m&rsquo;a accompagn\u00e9e \u00e0 un moment charni\u00e8re de ma vie professionnelle, lors de mon retour de New York \u00e0 Paris. Gr\u00e2ce \u00e0 son \u00e9coute, sa bienveillance et son regard \u00e0 la fois strat\u00e9gique et pragmatique, elle m&rsquo;a aid\u00e9e \u00e0 prendre du recul, \u00e0 clarifier mes objectifs et \u00e0 structurer mon activit\u00e9 avec davantage de confiance.\u00a0\u00bb\t\t\t\t\t\t\t\t<\/div>\n\t\t\t\t<div class=\"elementor-element elementor-element-6ca981f elementor-widget elementor-widget-text-editor\" data-id=\"6ca981f\" data-element_type=\"widget\" data-e-type=\"widget\" data-widget_type=\"text-editor.default\">\n\t\t\t\t\t\t\t\t\tMargaux Lafond, Architecte d\u2019int\u00e9rieur\t\t\t\t\t\t\t\t<\/div>\n\t\t\t\t<\/div>\n\t\t<div id=\"e-n-tab-content-2364220056\" role=\"tabpanel\" aria-labelledby=\"e-n-tab-title-2364220056\" data-tab-index=\"6\" style=\"--n-tabs-title-order: 6;\" class=\" elementor-element elementor-element-9449eda e-con-full e-flex e-con e-child\" data-id=\"9449eda\" data-element_type=\"container\" data-e-type=\"container\">\n\t\t\t\t<div class=\"elementor-element elementor-element-c1238c7 elementor-widget elementor-widget-text-editor\" data-id=\"c1238c7\" data-element_type=\"widget\" data-e-type=\"widget\" data-widget_type=\"text-editor.default\">\n\t\t\t\t\t\t\t\t\t<p>\u00ab\u00a0J\u2019ai fait appel \u00e0 Lili au tout d\u00e9but de mon activit\u00e9 professionnelle, avec une probl\u00e9matique tr\u00e8s concr\u00e8te : mieux d\u00e9finir mon positionnement tarifaire dans mon domaine. J&rsquo;avais besoin de quelqu&rsquo;un qui connaisse vraiment le secteur \u2014 et Lili l&rsquo;a pratiqu\u00e9 longtemps, au m\u00eame niveau d&rsquo;exigence que celui que je visais.<\/p><p>\u00a0<\/p><p>Le r\u00e9sultat a \u00e9t\u00e9 au rendez-vous d\u00e8s la premi\u00e8re s\u00e9ance ! Elle m&rsquo;a donn\u00e9 des conseils vraiment pertinents et, surtout, elle m&rsquo;a aid\u00e9e \u00e0 avoir confiance en moi pour assumer pleinement mon positionnement.<\/p><p>\u00a0<\/p><p>L&rsquo;accompagnement s&rsquo;est \u00e9tal\u00e9 sur plusieurs mois \u2014 le temps n\u00e9cessaire pour faire un travail de fond s\u00e9rieux, lui donner toutes les cl\u00e9s de ma situation et clarifier mes propres id\u00e9es. Un investissement qui en valait vraiment la peine.<\/p><p>J&rsquo;ai \u00e9galement eu recours \u00e0 la hotline pour une autre probl\u00e9matique \u2014 r\u00e9gl\u00e9e en un mois, chrono !<\/p><p>Je recommande Lili sans h\u00e9sitation !\u00a0\u00bb<\/p>\t\t\t\t\t\t\t\t<\/div>\n\t\t\t\t<div class=\"elementor-element elementor-element-d725ff7 elementor-widget elementor-widget-text-editor\" data-id=\"d725ff7\" data-element_type=\"widget\" data-e-type=\"widget\" data-widget_type=\"text-editor.default\">\n\t\t\t\t\t\t\t\t\t<p>Marie-Am\u00e9lie Poisson, Directrice Artistique &amp; Designer<\/p>\t\t\t\t\t\t\t\t<\/div>\n\t\t\t\t<\/div>\n\t\t\t\t\t<\/div>\n\t\t<\/div>\n\t\t\t\t\t\t<\/div>\n\t\t\t\t\t<\/div>\n\t\t\t\t<\/div>\n\t\t<div class=\"elementor-element elementor-element-72ee305 header-force-light e-flex e-con-boxed e-con e-parent\" data-id=\"72ee305\" data-element_type=\"container\" data-e-type=\"container\" data-settings=\"{&quot;background_background&quot;:&quot;classic&quot;}\">\n\t\t\t\t\t<div class=\"e-con-inner\">\n\t\t\t\t<div class=\"elementor-element elementor-element-ce2d392 elementor-widget elementor-widget-heading\" data-id=\"ce2d392\" data-element_type=\"widget\" data-e-type=\"widget\" data-widget_type=\"heading.default\">\n\t\t\t\t\t<h2 class=\"elementor-heading-title elementor-size-default\">Parlons de vous<\/h2>\t\t\t\t<\/div>\n\t\t\t\t<div class=\"elementor-element elementor-element-e8ba0b2 lien-cta elementor-widget elementor-widget-text-editor\" data-id=\"e8ba0b2\" data-element_type=\"widget\" data-e-type=\"widget\" data-widget_type=\"text-editor.default\">\n\t\t\t\t\t\t\t\t\t\u00c9crivez-moi \u00e0 <a href=\"mailto:lbm@lilibonnet.com?subject=Je voudrais collaborer avec vous\" target=\"_blank\" rel=\"noopener\">lbm@lilibonnet.com<\/a> \u2014 je vous r\u00e9ponds personnellement.\t\t\t\t\t\t\t\t<\/div>\n\t\t\t\t\t<\/div>\n\t\t\t\t<\/div>\n\t\t<div class=\"elementor-element elementor-element-3e5bc05 e-flex e-con-boxed e-con e-parent\" data-id=\"3e5bc05\" data-element_type=\"container\" data-e-type=\"container\">\n\t\t\t\t\t<div class=\"e-con-inner\">\n\t\t\t\t<div class=\"elementor-element elementor-element-1502364 elementor-widget elementor-widget-heading\" data-id=\"1502364\" data-element_type=\"widget\" data-e-type=\"widget\" data-widget_type=\"heading.default\">\n\t\t\t\t\t<h2 class=\"elementor-heading-title elementor-size-default\">Vos questions <br>sur <em>Creative Leaders<\/em><\/h2>\t\t\t\t<\/div>\n\t\t\t\t<div class=\"elementor-element elementor-element-e044a41 elementor-widget__width-initial elementor-widget-mobile__width-initial elementor-widget elementor-widget-n-accordion\" data-id=\"e044a41\" data-element_type=\"widget\" data-e-type=\"widget\" data-settings=\"{&quot;default_state&quot;:&quot;expanded&quot;,&quot;max_items_expended&quot;:&quot;one&quot;,&quot;n_accordion_animation_duration&quot;:{&quot;unit&quot;:&quot;ms&quot;,&quot;size&quot;:400,&quot;sizes&quot;:[]}}\" data-widget_type=\"nested-accordion.default\">\n\t\t\t\t\t\t\t<div class=\"e-n-accordion\" aria-label=\"Accordion. Open links with Enter or Space, close with Escape, and navigate with Arrow Keys\">\n\t\t\t\t\t\t<details id=\"e-n-accordion-item-2350\" class=\"e-n-accordion-item\" open>\n\t\t\t\t<summary class=\"e-n-accordion-item-title\" data-accordion-index=\"1\" tabindex=\"0\" aria-expanded=\"true\" aria-controls=\"e-n-accordion-item-2350\" >\n\t\t\t\t\t<span class='e-n-accordion-item-title-header'><h3 class=\"e-n-accordion-item-title-text\"> \u00c0 qui s'adresse Creative Leaders ? <\/h3><\/span>\n\t\t\t\t\t\t\t<span class='e-n-accordion-item-title-icon'>\n\t\t\t<span class='e-opened' ><svg aria-hidden=\"true\" class=\"e-font-icon-svg e-fas-circle\" viewBox=\"0 0 512 512\" xmlns=\"http:\/\/www.w3.org\/2000\/svg\"><path d=\"M256 8C119 8 8 119 8 256s111 248 248 248 248-111 248-248S393 8 256 8z\"><\/path><\/svg><\/span>\n\t\t\t<span class='e-closed'><svg aria-hidden=\"true\" class=\"e-font-icon-svg e-fas-circle\" viewBox=\"0 0 512 512\" xmlns=\"http:\/\/www.w3.org\/2000\/svg\"><path d=\"M256 8C119 8 8 119 8 256s111 248 248 248 248-111 248-248S393 8 256 8z\"><\/path><\/svg><\/span>\n\t\t<\/span>\n\n\t\t\t\t\t\t<\/summary>\n\t\t\t\t<div role=\"region\" aria-labelledby=\"e-n-accordion-item-2350\" class=\"elementor-element elementor-element-253b6ec e-con-full e-flex e-con e-child\" data-id=\"253b6ec\" data-element_type=\"container\" data-e-type=\"container\">\n\t\t\t\t<div class=\"elementor-element elementor-element-8ea3cc9 elementor-widget elementor-widget-text-editor\" data-id=\"8ea3cc9\" data-element_type=\"widget\" data-e-type=\"widget\" data-widget_type=\"text-editor.default\">\n\t\t\t\t\t\t\t\t\t<p>Aux entrepreneurs, cr\u00e9atifs ind\u00e9pendants et cadres dirigeants des industries cr\u00e9atives (architectes, designers, directeurs artistiques, directeurs d&rsquo;agence) qui veulent aller plus loin dans leur leadership, leur d\u00e9veloppement personnel et professionnel, et leur posture de manager.<\/p>\t\t\t\t\t\t\t\t<\/div>\n\t\t\t\t<\/div>\n\t\t\t\t\t<\/details>\n\t\t\t\t\t\t<details id=\"e-n-accordion-item-2351\" class=\"e-n-accordion-item\" >\n\t\t\t\t<summary class=\"e-n-accordion-item-title\" data-accordion-index=\"2\" tabindex=\"-1\" aria-expanded=\"false\" aria-controls=\"e-n-accordion-item-2351\" >\n\t\t\t\t\t<span class='e-n-accordion-item-title-header'><h3 class=\"e-n-accordion-item-title-text\"> Quelle est la diff\u00e9rence avec un coaching individuel classique ? <\/h3><\/span>\n\t\t\t\t\t\t\t<span class='e-n-accordion-item-title-icon'>\n\t\t\t<span class='e-opened' ><svg aria-hidden=\"true\" class=\"e-font-icon-svg e-fas-circle\" viewBox=\"0 0 512 512\" xmlns=\"http:\/\/www.w3.org\/2000\/svg\"><path d=\"M256 8C119 8 8 119 8 256s111 248 248 248 248-111 248-248S393 8 256 8z\"><\/path><\/svg><\/span>\n\t\t\t<span class='e-closed'><svg aria-hidden=\"true\" class=\"e-font-icon-svg e-fas-circle\" viewBox=\"0 0 512 512\" xmlns=\"http:\/\/www.w3.org\/2000\/svg\"><path d=\"M256 8C119 8 8 119 8 256s111 248 248 248 248-111 248-248S393 8 256 8z\"><\/path><\/svg><\/span>\n\t\t<\/span>\n\n\t\t\t\t\t\t<\/summary>\n\t\t\t\t<div role=\"region\" aria-labelledby=\"e-n-accordion-item-2351\" class=\"elementor-element elementor-element-573cbc6 e-con-full e-flex e-con e-child\" data-id=\"573cbc6\" data-element_type=\"container\" data-e-type=\"container\">\n\t\t\t\t<div class=\"elementor-element elementor-element-0b127a7 elementor-widget elementor-widget-text-editor\" data-id=\"0b127a7\" data-element_type=\"widget\" data-e-type=\"widget\" data-widget_type=\"text-editor.default\">\n\t\t\t\t\t\t\t\t\t<p>Creative Leaders est un accompagnement individuel professionnel premium, ancr\u00e9 dans la dur\u00e9e et dans votre secteur. Je ne fais pas du coaching g\u00e9n\u00e9raliste : j&rsquo;interviens sur des probl\u00e9matiques complexes de leadership cr\u00e9atif, de gestion du stress, de prise de d\u00e9cision strat\u00e9gique, de transitions professionnelles, avec des m\u00e9thodologies \u00e9prouv\u00e9es (coaching cognitif comportemental, analyse transactionnelle) adapt\u00e9es \u00e0 votre r\u00e9alit\u00e9.<!-- notionvc: 091942ac-7d97-488f-978d-729845fbcb5f --><br \/><!-- notionvc: a8d43790-ad66-49bc-8fd6-2b7209b4cc37 --><\/p>\t\t\t\t\t\t\t\t<\/div>\n\t\t\t\t<\/div>\n\t\t\t\t\t<\/details>\n\t\t\t\t\t\t<details id=\"e-n-accordion-item-2352\" class=\"e-n-accordion-item\" >\n\t\t\t\t<summary class=\"e-n-accordion-item-title\" data-accordion-index=\"3\" tabindex=\"-1\" aria-expanded=\"false\" aria-controls=\"e-n-accordion-item-2352\" >\n\t\t\t\t\t<span class='e-n-accordion-item-title-header'><h3 class=\"e-n-accordion-item-title-text\"> Quelle est la diff\u00e9rence entre Creative Leaders et Creative Management ? <\/h3><\/span>\n\t\t\t\t\t\t\t<span class='e-n-accordion-item-title-icon'>\n\t\t\t<span class='e-opened' ><svg aria-hidden=\"true\" class=\"e-font-icon-svg e-fas-circle\" viewBox=\"0 0 512 512\" xmlns=\"http:\/\/www.w3.org\/2000\/svg\"><path d=\"M256 8C119 8 8 119 8 256s111 248 248 248 248-111 248-248S393 8 256 8z\"><\/path><\/svg><\/span>\n\t\t\t<span class='e-closed'><svg aria-hidden=\"true\" class=\"e-font-icon-svg e-fas-circle\" viewBox=\"0 0 512 512\" xmlns=\"http:\/\/www.w3.org\/2000\/svg\"><path d=\"M256 8C119 8 8 119 8 256s111 248 248 248 248-111 248-248S393 8 256 8z\"><\/path><\/svg><\/span>\n\t\t<\/span>\n\n\t\t\t\t\t\t<\/summary>\n\t\t\t\t<div role=\"region\" aria-labelledby=\"e-n-accordion-item-2352\" class=\"elementor-element elementor-element-3bcd4be e-con-full e-flex e-con e-child\" data-id=\"3bcd4be\" data-element_type=\"container\" data-e-type=\"container\">\n\t\t\t\t<div class=\"elementor-element elementor-element-cb5fb19 elementor-widget elementor-widget-text-editor\" data-id=\"cb5fb19\" data-element_type=\"widget\" data-e-type=\"widget\" data-widget_type=\"text-editor.default\">\n\t\t\t\t\t\t\t\t\t<p>Creative Leaders est un accompagnement individuel : vous, seul\u00b7e, sur 6 mois, pour travailler votre posture de leader, vos d\u00e9cisions, votre strat\u00e9gie. C&rsquo;est en faisant \u00e9voluer le dirigeant que la dynamique de toute l&rsquo;\u00e9quipe se transforme.<\/p><p>\u00a0<\/p><p><a href=\"https:\/\/www.lilibonnet.com\/accompagnements\/creative-management-coaching-equipe-paris\/\">Creative Management<\/a>, \u00e0 l&rsquo;inverse, est un format collectif : un workshop d&rsquo;une journ\u00e9e avec vos \u00e9quipes, pour cr\u00e9er ensemble une dynamique de groupe, une vision commune ou de nouvelles comp\u00e9tences partag\u00e9es.<\/p><p>\u00a0<\/p><p>En r\u00e9sum\u00e9 : Creative Leaders travaille sur vous pour que \u00e7a change pour votre \u00e9quipe ; Creative Management travaille directement avec votre \u00e9quipe. Les deux sont compl\u00e9mentaires et peuvent se combiner.<\/p>\t\t\t\t\t\t\t\t<\/div>\n\t\t\t\t<\/div>\n\t\t\t\t\t<\/details>\n\t\t\t\t\t\t<details id=\"e-n-accordion-item-2353\" class=\"e-n-accordion-item\" >\n\t\t\t\t<summary class=\"e-n-accordion-item-title\" data-accordion-index=\"4\" tabindex=\"-1\" aria-expanded=\"false\" aria-controls=\"e-n-accordion-item-2353\" >\n\t\t\t\t\t<span class='e-n-accordion-item-title-header'><h3 class=\"e-n-accordion-item-title-text\"> Comment se d\u00e9roulent les s\u00e9ances ? <\/h3><\/span>\n\t\t\t\t\t\t\t<span class='e-n-accordion-item-title-icon'>\n\t\t\t<span class='e-opened' ><svg aria-hidden=\"true\" class=\"e-font-icon-svg e-fas-circle\" viewBox=\"0 0 512 512\" xmlns=\"http:\/\/www.w3.org\/2000\/svg\"><path d=\"M256 8C119 8 8 119 8 256s111 248 248 248 248-111 248-248S393 8 256 8z\"><\/path><\/svg><\/span>\n\t\t\t<span class='e-closed'><svg aria-hidden=\"true\" class=\"e-font-icon-svg e-fas-circle\" viewBox=\"0 0 512 512\" xmlns=\"http:\/\/www.w3.org\/2000\/svg\"><path d=\"M256 8C119 8 8 119 8 256s111 248 248 248 248-111 248-248S393 8 256 8z\"><\/path><\/svg><\/span>\n\t\t<\/span>\n\n\t\t\t\t\t\t<\/summary>\n\t\t\t\t<div role=\"region\" aria-labelledby=\"e-n-accordion-item-2353\" class=\"elementor-element elementor-element-ca3afde e-con-full e-flex e-con e-child\" data-id=\"ca3afde\" data-element_type=\"container\" data-e-type=\"container\">\n\t\t\t\t<div class=\"elementor-element elementor-element-4f7cb2d elementor-widget elementor-widget-text-editor\" data-id=\"4f7cb2d\" data-element_type=\"widget\" data-e-type=\"widget\" data-widget_type=\"text-editor.default\">\n\t\t\t\t\t\t\t\t\t<p>Une s\u00e9ance par mois de 2h \u00e0 2h30, dans le format qui vous convient, en pr\u00e9sentiel \u00e0 Paris dans un lieu que nous choisissons ensemble, en marchant, ou en visio. Entre les s\u00e9ances, vous avez acc\u00e8s \u00e0 la Hotline LBM du lundi au vendredi, de 9h \u00e0 18h.<!-- notionvc: deb0e894-ee7e-4772-9859-b30c323cc743 --><\/p>\t\t\t\t\t\t\t\t<\/div>\n\t\t\t\t<\/div>\n\t\t\t\t\t<\/details>\n\t\t\t\t\t\t<details id=\"e-n-accordion-item-2354\" class=\"e-n-accordion-item\" >\n\t\t\t\t<summary class=\"e-n-accordion-item-title\" data-accordion-index=\"5\" tabindex=\"-1\" aria-expanded=\"false\" aria-controls=\"e-n-accordion-item-2354\" >\n\t\t\t\t\t<span class='e-n-accordion-item-title-header'><h3 class=\"e-n-accordion-item-title-text\"> Les s\u00e9ances se font-elles \u00e0 Paris ou en visio ? <\/h3><\/span>\n\t\t\t\t\t\t\t<span class='e-n-accordion-item-title-icon'>\n\t\t\t<span class='e-opened' ><svg aria-hidden=\"true\" class=\"e-font-icon-svg e-fas-circle\" viewBox=\"0 0 512 512\" xmlns=\"http:\/\/www.w3.org\/2000\/svg\"><path d=\"M256 8C119 8 8 119 8 256s111 248 248 248 248-111 248-248S393 8 256 8z\"><\/path><\/svg><\/span>\n\t\t\t<span class='e-closed'><svg aria-hidden=\"true\" class=\"e-font-icon-svg e-fas-circle\" viewBox=\"0 0 512 512\" xmlns=\"http:\/\/www.w3.org\/2000\/svg\"><path d=\"M256 8C119 8 8 119 8 256s111 248 248 248 248-111 248-248S393 8 256 8z\"><\/path><\/svg><\/span>\n\t\t<\/span>\n\n\t\t\t\t\t\t<\/summary>\n\t\t\t\t<div role=\"region\" aria-labelledby=\"e-n-accordion-item-2354\" class=\"elementor-element elementor-element-33962f5 e-con-full e-flex e-con e-child\" data-id=\"33962f5\" data-element_type=\"container\" data-e-type=\"container\">\n\t\t\t\t<div class=\"elementor-element elementor-element-9aa031a elementor-widget elementor-widget-text-editor\" data-id=\"9aa031a\" data-element_type=\"widget\" data-e-type=\"widget\" data-widget_type=\"text-editor.default\">\n\t\t\t\t\t\t\t\t\t<p>Les deux. Je travaille en pr\u00e9sentiel \u00e0 Paris et en \u00cele-de-France, et en visio pour les clients qui le pr\u00e9f\u00e8rent ou qui ne sont pas bas\u00e9s en r\u00e9gion parisienne.<!-- notionvc: 77fbd9ec-abec-4895-9f73-fa81fd8ee765 --><\/p>\t\t\t\t\t\t\t\t<\/div>\n\t\t\t\t<\/div>\n\t\t\t\t\t<\/details>\n\t\t\t\t\t\t<details id=\"e-n-accordion-item-2355\" class=\"e-n-accordion-item\" >\n\t\t\t\t<summary class=\"e-n-accordion-item-title\" data-accordion-index=\"6\" tabindex=\"-1\" aria-expanded=\"false\" aria-controls=\"e-n-accordion-item-2355\" >\n\t\t\t\t\t<span class='e-n-accordion-item-title-header'><h3 class=\"e-n-accordion-item-title-text\"> Quelle est la dur\u00e9e de l'accompagnement ? <\/h3><\/span>\n\t\t\t\t\t\t\t<span class='e-n-accordion-item-title-icon'>\n\t\t\t<span class='e-opened' ><svg aria-hidden=\"true\" class=\"e-font-icon-svg e-fas-circle\" viewBox=\"0 0 512 512\" xmlns=\"http:\/\/www.w3.org\/2000\/svg\"><path d=\"M256 8C119 8 8 119 8 256s111 248 248 248 248-111 248-248S393 8 256 8z\"><\/path><\/svg><\/span>\n\t\t\t<span class='e-closed'><svg aria-hidden=\"true\" class=\"e-font-icon-svg e-fas-circle\" viewBox=\"0 0 512 512\" xmlns=\"http:\/\/www.w3.org\/2000\/svg\"><path d=\"M256 8C119 8 8 119 8 256s111 248 248 248 248-111 248-248S393 8 256 8z\"><\/path><\/svg><\/span>\n\t\t<\/span>\n\n\t\t\t\t\t\t<\/summary>\n\t\t\t\t<div role=\"region\" aria-labelledby=\"e-n-accordion-item-2355\" class=\"elementor-element elementor-element-c653b0d e-con-full e-flex e-con e-child\" data-id=\"c653b0d\" data-element_type=\"container\" data-e-type=\"container\">\n\t\t\t\t<div class=\"elementor-element elementor-element-4f7e470 elementor-widget elementor-widget-text-editor\" data-id=\"4f7e470\" data-element_type=\"widget\" data-e-type=\"widget\" data-widget_type=\"text-editor.default\">\n\t\t\t\t\t\t\t\t\t<p>6 mois minimum. C&rsquo;est le temps n\u00e9cessaire pour aller en profondeur (notamment sur des enjeux de confiance en soi, de prise de poste, ou de transition professionnelle) et obtenir des r\u00e9sultats durables. Apr\u00e8s cette p\u00e9riode, vous pouvez continuer, mettre en pause ou reprendre selon votre rythme.<!-- notionvc: a89dc941-55e4-4abc-8035-8243e895165b --><\/p>\t\t\t\t\t\t\t\t<\/div>\n\t\t\t\t<\/div>\n\t\t\t\t\t<\/details>\n\t\t\t\t\t\t<details id=\"e-n-accordion-item-2356\" class=\"e-n-accordion-item\" >\n\t\t\t\t<summary class=\"e-n-accordion-item-title\" data-accordion-index=\"7\" tabindex=\"-1\" aria-expanded=\"false\" aria-controls=\"e-n-accordion-item-2356\" >\n\t\t\t\t\t<span class='e-n-accordion-item-title-header'><h3 class=\"e-n-accordion-item-title-text\"> Peut-on combiner Creative Leaders avec d'autres programmes ? <\/h3><\/span>\n\t\t\t\t\t\t\t<span class='e-n-accordion-item-title-icon'>\n\t\t\t<span class='e-opened' ><svg aria-hidden=\"true\" class=\"e-font-icon-svg e-fas-circle\" viewBox=\"0 0 512 512\" xmlns=\"http:\/\/www.w3.org\/2000\/svg\"><path d=\"M256 8C119 8 8 119 8 256s111 248 248 248 248-111 248-248S393 8 256 8z\"><\/path><\/svg><\/span>\n\t\t\t<span class='e-closed'><svg aria-hidden=\"true\" class=\"e-font-icon-svg e-fas-circle\" viewBox=\"0 0 512 512\" xmlns=\"http:\/\/www.w3.org\/2000\/svg\"><path d=\"M256 8C119 8 8 119 8 256s111 248 248 248 248-111 248-248S393 8 256 8z\"><\/path><\/svg><\/span>\n\t\t<\/span>\n\n\t\t\t\t\t\t<\/summary>\n\t\t\t\t<div role=\"region\" aria-labelledby=\"e-n-accordion-item-2356\" class=\"elementor-element elementor-element-24b85fe e-con-full e-flex e-con e-child\" data-id=\"24b85fe\" data-element_type=\"container\" data-e-type=\"container\">\n\t\t\t\t<div class=\"elementor-element elementor-element-89cb051 elementor-widget elementor-widget-text-editor\" data-id=\"89cb051\" data-element_type=\"widget\" data-e-type=\"widget\" data-widget_type=\"text-editor.default\">\n\t\t\t\t\t\t\t\t\t<p>Oui. Creative Leaders se combine naturellement avec <a href=\"https:\/\/www.lilibonnet.com\/accompagnements\/creative-boost\/\">Creative Boost<\/a> (pour un d\u00e9marrage strat\u00e9gique intensif) ou avec <a href=\"https:\/\/www.lilibonnet.com\/accompagnements\/creative-management-coaching-equipe-paris\/\">Creative Management<\/a> (pour les dirigeants qui souhaitent travailler leur posture individuelle et la dynamique de leur \u00e9quipe en parall\u00e8le).<!-- notionvc: e94a49c5-c02b-4217-bf04-9f8bac95670a --><\/p>\t\t\t\t\t\t\t\t<\/div>\n\t\t\t\t<\/div>\n\t\t\t\t\t<\/details>\n\t\t\t\t\t\t<details id=\"e-n-accordion-item-2357\" class=\"e-n-accordion-item\" >\n\t\t\t\t<summary class=\"e-n-accordion-item-title\" data-accordion-index=\"8\" tabindex=\"-1\" aria-expanded=\"false\" aria-controls=\"e-n-accordion-item-2357\" >\n\t\t\t\t\t<span class='e-n-accordion-item-title-header'><h3 class=\"e-n-accordion-item-title-text\"> Le financement OPCO est-il possible ? <\/h3><\/span>\n\t\t\t\t\t\t\t<span class='e-n-accordion-item-title-icon'>\n\t\t\t<span class='e-opened' ><svg aria-hidden=\"true\" class=\"e-font-icon-svg e-fas-circle\" viewBox=\"0 0 512 512\" xmlns=\"http:\/\/www.w3.org\/2000\/svg\"><path d=\"M256 8C119 8 8 119 8 256s111 248 248 248 248-111 248-248S393 8 256 8z\"><\/path><\/svg><\/span>\n\t\t\t<span class='e-closed'><svg aria-hidden=\"true\" class=\"e-font-icon-svg e-fas-circle\" viewBox=\"0 0 512 512\" xmlns=\"http:\/\/www.w3.org\/2000\/svg\"><path d=\"M256 8C119 8 8 119 8 256s111 248 248 248 248-111 248-248S393 8 256 8z\"><\/path><\/svg><\/span>\n\t\t<\/span>\n\n\t\t\t\t\t\t<\/summary>\n\t\t\t\t<div role=\"region\" aria-labelledby=\"e-n-accordion-item-2357\" class=\"elementor-element elementor-element-b373b79 e-con-full e-flex e-con e-child\" data-id=\"b373b79\" data-element_type=\"container\" data-e-type=\"container\">\n\t\t\t\t<div class=\"elementor-element elementor-element-fb416c8 elementor-widget elementor-widget-text-editor\" data-id=\"fb416c8\" data-element_type=\"widget\" data-e-type=\"widget\" data-widget_type=\"text-editor.default\">\n\t\t\t\t\t\t\t\t\t<p>Oui. LBM est certifi\u00e9 Qualiopi (N\u00b0 25FOR00057.1), ce qui permet un financement partiel via votre OPCO. \u00c9crivez-moi pour conna\u00eetre les modalit\u00e9s.<!-- notionvc: b84ab0d0-56d6-4ddd-b053-b0c52d2f2c43 --><\/p>\t\t\t\t\t\t\t\t<\/div>\n\t\t\t\t<\/div>\n\t\t\t\t\t<\/details>\n\t\t\t\t\t<\/div>\n\t\t\t\t\t<script type=\"application\/ld+json\">{\"@context\":\"https:\\\/\\\/schema.org\",\"@type\":\"FAQPage\",\"mainEntity\":[{\"@type\":\"Question\",\"name\":\"\\u00c0 qui s'adresse Creative Leaders ?\",\"acceptedAnswer\":{\"@type\":\"Answer\",\"text\":\"Aux entrepreneurs, cr\\u00e9atifs ind\\u00e9pendants et cadres dirigeants des industries cr\\u00e9atives (architectes, designers, directeurs artistiques, directeurs d&rsquo;agence) qui veulent aller plus loin dans leur leadership, leur d\\u00e9veloppement personnel et professionnel, et leur posture de manager.\"}},{\"@type\":\"Question\",\"name\":\"Quelle est la diff\\u00e9rence avec un coaching individuel classique ?\",\"acceptedAnswer\":{\"@type\":\"Answer\",\"text\":\"Creative Leaders est un accompagnement individuel professionnel premium, ancr\\u00e9 dans la dur\\u00e9e et dans votre secteur. Je ne fais pas du coaching g\\u00e9n\\u00e9raliste : j&rsquo;interviens sur des probl\\u00e9matiques complexes de leadership cr\\u00e9atif, de gestion du stress, de prise de d\\u00e9cision strat\\u00e9gique, de transitions professionnelles, avec des m\\u00e9thodologies \\u00e9prouv\\u00e9es (coaching cognitif comportemental, analyse transactionnelle) adapt\\u00e9es \\u00e0 votre r\\u00e9alit\\u00e9.\"}},{\"@type\":\"Question\",\"name\":\"Quelle est la diff\\u00e9rence entre Creative Leaders et Creative Management ?\",\"acceptedAnswer\":{\"@type\":\"Answer\",\"text\":\"Creative Leaders est un accompagnement individuel : vous, seul\\u00b7e, sur 6 mois, pour travailler votre posture de leader, vos d\\u00e9cisions, votre strat\\u00e9gie. C&rsquo;est en faisant \\u00e9voluer le dirigeant que la dynamique de toute l&rsquo;\\u00e9quipe se transforme.\\u00a0Creative Management, \\u00e0 l&rsquo;inverse, est un format collectif : un workshop d&rsquo;une journ\\u00e9e avec vos \\u00e9quipes, pour cr\\u00e9er ensemble une dynamique de groupe, une vision commune ou de nouvelles comp\\u00e9tences partag\\u00e9es.\\u00a0En r\\u00e9sum\\u00e9 : Creative Leaders travaille sur vous pour que \\u00e7a change pour votre \\u00e9quipe ; Creative Management travaille directement avec votre \\u00e9quipe. Les deux sont compl\\u00e9mentaires et peuvent se combiner.\"}},{\"@type\":\"Question\",\"name\":\"Comment se d\\u00e9roulent les s\\u00e9ances ?\",\"acceptedAnswer\":{\"@type\":\"Answer\",\"text\":\"Une s\\u00e9ance par mois de 2h \\u00e0 2h30, dans le format qui vous convient, en pr\\u00e9sentiel \\u00e0 Paris dans un lieu que nous choisissons ensemble, en marchant, ou en visio. Entre les s\\u00e9ances, vous avez acc\\u00e8s \\u00e0 la Hotline LBM du lundi au vendredi, de 9h \\u00e0 18h.\"}},{\"@type\":\"Question\",\"name\":\"Les s\\u00e9ances se font-elles \\u00e0 Paris ou en visio ?\",\"acceptedAnswer\":{\"@type\":\"Answer\",\"text\":\"Les deux. Je travaille en pr\\u00e9sentiel \\u00e0 Paris et en \\u00cele-de-France, et en visio pour les clients qui le pr\\u00e9f\\u00e8rent ou qui ne sont pas bas\\u00e9s en r\\u00e9gion parisienne.\"}},{\"@type\":\"Question\",\"name\":\"Quelle est la dur\\u00e9e de l'accompagnement ?\",\"acceptedAnswer\":{\"@type\":\"Answer\",\"text\":\"6 mois minimum. C&rsquo;est le temps n\\u00e9cessaire pour aller en profondeur (notamment sur des enjeux de confiance en soi, de prise de poste, ou de transition professionnelle) et obtenir des r\\u00e9sultats durables. Apr\\u00e8s cette p\\u00e9riode, vous pouvez continuer, mettre en pause ou reprendre selon votre rythme.\"}},{\"@type\":\"Question\",\"name\":\"Peut-on combiner Creative Leaders avec d'autres programmes ?\",\"acceptedAnswer\":{\"@type\":\"Answer\",\"text\":\"Oui. Creative Leaders se combine naturellement avec Creative Boost (pour un d\\u00e9marrage strat\\u00e9gique intensif) ou avec Creative Management (pour les dirigeants qui souhaitent travailler leur posture individuelle et la dynamique de leur \\u00e9quipe en parall\\u00e8le).\"}},{\"@type\":\"Question\",\"name\":\"Le financement OPCO est-il possible ?\",\"acceptedAnswer\":{\"@type\":\"Answer\",\"text\":\"Oui. LBM est certifi\\u00e9 Qualiopi (N\\u00b0 25FOR00057.1), ce qui permet un financement partiel via votre OPCO. \\u00c9crivez-moi pour conna\\u00eetre les modalit\\u00e9s.\"}}]}<\/script>\n\t\t\t\t\t\t\t<\/div>\n\t\t\t\t\t<\/div>\n\t\t\t\t<\/div>\n\t\t\t\t<\/div>\n\t\t","protected":false},"excerpt":{"rendered":"<p>Creative Leaders \u2014 Accompagnement individuel pour dirigeants et managers cr\u00e9atifs Vous avez d\u00e9j\u00e0 tout. L&rsquo;expertise, les clients, la reconnaissance. Mais vous sentez qu&rsquo;il y a un niveau au-dessus : plus de leadership, plus d&rsquo;impact, plus de libert\u00e9. Plus de kif, aussi. Creative Leaders est un accompagnement individuel sur-mesure de 6 mois, pens\u00e9 pour les entrepreneurs, [&hellip;]<\/p>\n","protected":false},"author":1,"featured_media":0,"parent":8,"menu_order":0,"comment_status":"closed","ping_status":"closed","template":"","meta":{"_acf_changed":false,"footnotes":""},"class_list":["post-52","page","type-page","status-publish","hentry"],"acf":[],"yoast_head":"<!-- This site is optimized with the Yoast SEO plugin v28.4 - https:\/\/yoast.com\/product\/yoast-seo-wordpress\/ -->\n<title>Creative Leaders\u00ae \u2014 Accompagnement individuel dirigeants cr\u00e9atifs | LBM<\/title>\n<meta name=\"description\" content=\"Creative Leaders\u00ae : accompagnement individuel sur mesure de 6 mois pour dirigeants et managers des industries cr\u00e9atives. D\u00e9veloppez votre leadership et votre posture avec Lili Bonnet.\" \/>\n<meta name=\"robots\" content=\"index, follow, max-snippet:-1, max-image-preview:large, max-video-preview:-1\" \/>\n<link rel=\"canonical\" href=\"https:\/\/www.lilibonnet.com\/en\/offers\/creative-leaders\/\" \/>\n<meta property=\"og:locale\" content=\"en_GB\" \/>\n<meta property=\"og:type\" content=\"article\" \/>\n<meta property=\"og:title\" content=\"Creative Leaders\u00ae \u2014 Accompagnement individuel dirigeants cr\u00e9atifs | LBM\" \/>\n<meta property=\"og:description\" content=\"Creative Leaders\u00ae : accompagnement individuel sur mesure de 6 mois pour dirigeants et managers des industries cr\u00e9atives. D\u00e9veloppez votre leadership et votre posture avec Lili Bonnet.\" \/>\n<meta property=\"og:url\" content=\"https:\/\/www.lilibonnet.com\/en\/offers\/creative-leaders\/\" \/>\n<meta property=\"og:site_name\" content=\"Lili Bonnet Management\" \/>\n<meta property=\"article:modified_time\" content=\"2026-09-01T12:57:46+00:00\" \/>\n<meta name=\"twitter:card\" content=\"summary_large_image\" \/>\n<meta name=\"twitter:label1\" content=\"Estimated reading time\" \/>\n\t<meta name=\"twitter:data1\" content=\"11 minutes\" \/>\n<script type=\"application\/ld+json\" class=\"yoast-schema-graph\">{\"@context\":\"https:\\\/\\\/schema.org\",\"@graph\":[{\"@type\":\"WebPage\",\"@id\":\"https:\\\/\\\/www.lilibonnet.com\\\/accompagnements\\\/creative-leaders\\\/\",\"url\":\"https:\\\/\\\/www.lilibonnet.com\\\/accompagnements\\\/creative-leaders\\\/\",\"name\":\"Creative Leaders\u00ae \u2014 Accompagnement individuel dirigeants cr\u00e9atifs | LBM\",\"isPartOf\":{\"@id\":\"https:\\\/\\\/www.lilibonnet.com\\\/#website\"},\"datePublished\":\"2026-06-22T10:39:12+00:00\",\"dateModified\":\"2026-09-01T12:57:46+00:00\",\"description\":\"Creative Leaders\u00ae : accompagnement individuel sur mesure de 6 mois pour dirigeants et managers des industries cr\u00e9atives. D\u00e9veloppez votre leadership et votre posture avec Lili Bonnet.\",\"breadcrumb\":{\"@id\":\"https:\\\/\\\/www.lilibonnet.com\\\/accompagnements\\\/creative-leaders\\\/#breadcrumb\"},\"inLanguage\":\"en-GB\",\"potentialAction\":[{\"@type\":\"ReadAction\",\"target\":[\"https:\\\/\\\/www.lilibonnet.com\\\/accompagnements\\\/creative-leaders\\\/\"]}]},{\"@type\":\"BreadcrumbList\",\"@id\":\"https:\\\/\\\/www.lilibonnet.com\\\/accompagnements\\\/creative-leaders\\\/#breadcrumb\",\"itemListElement\":[{\"@type\":\"ListItem\",\"position\":1,\"name\":\"Accueil\",\"item\":\"https:\\\/\\\/www.lilibonnet.com\\\/\"},{\"@type\":\"ListItem\",\"position\":2,\"name\":\"Accompagnements\",\"item\":\"https:\\\/\\\/www.lilibonnet.com\\\/accompagnements\\\/\"},{\"@type\":\"ListItem\",\"position\":3,\"name\":\"Creative Leaders\"}]},{\"@type\":\"WebSite\",\"@id\":\"https:\\\/\\\/www.lilibonnet.com\\\/#website\",\"url\":\"https:\\\/\\\/www.lilibonnet.com\\\/\",\"name\":\"Lili Bonnet Management\",\"description\":\"\",\"publisher\":{\"@id\":\"https:\\\/\\\/www.lilibonnet.com\\\/#\\\/schema\\\/person\\\/42a2a26d0428ac49b250c7983669c5c1\"},\"potentialAction\":[{\"@type\":\"SearchAction\",\"target\":{\"@type\":\"EntryPoint\",\"urlTemplate\":\"https:\\\/\\\/www.lilibonnet.com\\\/?s={search_term_string}\"},\"query-input\":{\"@type\":\"PropertyValueSpecification\",\"valueRequired\":true,\"valueName\":\"search_term_string\"}}],\"inLanguage\":\"en-GB\"},{\"@type\":[\"Person\",\"Organization\"],\"@id\":\"https:\\\/\\\/www.lilibonnet.com\\\/#\\\/schema\\\/person\\\/42a2a26d0428ac49b250c7983669c5c1\",\"name\":\"lili\",\"image\":{\"@type\":\"ImageObject\",\"inLanguage\":\"en-GB\",\"@id\":\"https:\\\/\\\/www.lilibonnet.com\\\/wp-content\\\/uploads\\\/2026\\\/06\\\/logo_lbm.svg\",\"url\":\"https:\\\/\\\/www.lilibonnet.com\\\/wp-content\\\/uploads\\\/2026\\\/06\\\/logo_lbm.svg\",\"contentUrl\":\"https:\\\/\\\/www.lilibonnet.com\\\/wp-content\\\/uploads\\\/2026\\\/06\\\/logo_lbm.svg\",\"width\":128,\"height\":59,\"caption\":\"lili\"},\"logo\":{\"@id\":\"https:\\\/\\\/www.lilibonnet.com\\\/wp-content\\\/uploads\\\/2026\\\/06\\\/logo_lbm.svg\"}}]}<\/script>\n<!-- \/ Yoast SEO plugin. -->","yoast_head_json":{"title":"Creative Leaders\u00ae \u2014 Individual Coaching for Creative Leaders | LBM","description":"Creative Leaders\u00ae: bespoke 6-month individual coaching for leaders and managers in the creative industries. Develop your leadership and posture with Lili Bonnet.","robots":{"index":"index","follow":"follow","max-snippet":"max-snippet:-1","max-image-preview":"max-image-preview:large","max-video-preview":"max-video-preview:-1"},"canonical":"https:\/\/www.lilibonnet.com\/en\/offers\/creative-leaders\/","og_locale":"en_GB","og_type":"article","og_title":"Creative Leaders\u00ae \u2014 Accompagnement individuel dirigeants cr\u00e9atifs | LBM","og_description":"Creative Leaders\u00ae : accompagnement individuel sur mesure de 6 mois pour dirigeants et managers des industries cr\u00e9atives. D\u00e9veloppez votre leadership et votre posture avec Lili Bonnet.","og_url":"https:\/\/www.lilibonnet.com\/en\/offers\/creative-leaders\/","og_site_name":"Lili Bonnet Management","article_modified_time":"2026-09-01T12:57:46+00:00","twitter_card":"summary_large_image","twitter_misc":{"Estimated reading time":"11 minutes"},"schema":{"@context":"https:\/\/schema.org","@graph":[{"@type":"WebPage","@id":"https:\/\/www.lilibonnet.com\/accompagnements\/creative-leaders\/","url":"https:\/\/www.lilibonnet.com\/accompagnements\/creative-leaders\/","name":"Creative Leaders\u00ae \u2014 Individual Coaching for Creative Leaders | LBM","isPartOf":{"@id":"https:\/\/www.lilibonnet.com\/#website"},"datePublished":"2026-06-22T10:39:12+00:00","dateModified":"2026-09-01T12:57:46+00:00","description":"Creative Leaders\u00ae: bespoke 6-month individual coaching for leaders and managers in the creative industries. Develop your leadership and posture with Lili Bonnet.","breadcrumb":{"@id":"https:\/\/www.lilibonnet.com\/accompagnements\/creative-leaders\/#breadcrumb"},"inLanguage":"en-GB","potentialAction":[{"@type":"ReadAction","target":["https:\/\/www.lilibonnet.com\/accompagnements\/creative-leaders\/"]}]},{"@type":"BreadcrumbList","@id":"https:\/\/www.lilibonnet.com\/accompagnements\/creative-leaders\/#breadcrumb","itemListElement":[{"@type":"ListItem","position":1,"name":"Accueil","item":"https:\/\/www.lilibonnet.com\/"},{"@type":"ListItem","position":2,"name":"Accompagnements","item":"https:\/\/www.lilibonnet.com\/accompagnements\/"},{"@type":"ListItem","position":3,"name":"Creative Leaders"}]},{"@type":"WebSite","@id":"https:\/\/www.lilibonnet.com\/#website","url":"https:\/\/www.lilibonnet.com\/","name":"Lili Bonnet Management","description":"","publisher":{"@id":"https:\/\/www.lilibonnet.com\/#\/schema\/person\/42a2a26d0428ac49b250c7983669c5c1"},"potentialAction":[{"@type":"SearchAction","target":{"@type":"EntryPoint","urlTemplate":"https:\/\/www.lilibonnet.com\/?s={search_term_string}"},"query-input":{"@type":"PropertyValueSpecification","valueRequired":true,"valueName":"search_term_string"}}],"inLanguage":"en-GB"},{"@type":["Person","Organization"],"@id":"https:\/\/www.lilibonnet.com\/#\/schema\/person\/42a2a26d0428ac49b250c7983669c5c1","name":"Lily","image":{"@type":"ImageObject","inLanguage":"en-GB","@id":"https:\/\/www.lilibonnet.com\/wp-content\/uploads\/2026\/06\/logo_lbm.svg","url":"https:\/\/www.lilibonnet.com\/wp-content\/uploads\/2026\/06\/logo_lbm.svg","contentUrl":"https:\/\/www.lilibonnet.com\/wp-content\/uploads\/2026\/06\/logo_lbm.svg","width":128,"height":59,"caption":"lili"},"logo":{"@id":"https:\/\/www.lilibonnet.com\/wp-content\/uploads\/2026\/06\/logo_lbm.svg"}}]}},"_links":{"self":[{"href":"https:\/\/www.lilibonnet.com\/en\/wp-json\/wp\/v2\/pages\/52","targetHints":{"allow":["GET"]}}],"collection":[{"href":"https:\/\/www.lilibonnet.com\/en\/wp-json\/wp\/v2\/pages"}],"about":[{"href":"https:\/\/www.lilibonnet.com\/en\/wp-json\/wp\/v2\/types\/page"}],"author":[{"embeddable":true,"href":"https:\/\/www.lilibonnet.com\/en\/wp-json\/wp\/v2\/users\/1"}],"replies":[{"embeddable":true,"href":"https:\/\/www.lilibonnet.com\/en\/wp-json\/wp\/v2\/comments?post=52"}],"version-history":[{"count":121,"href":"https:\/\/www.lilibonnet.com\/en\/wp-json\/wp\/v2\/pages\/52\/revisions"}],"predecessor-version":[{"id":1956,"href":"https:\/\/www.lilibonnet.com\/en\/wp-json\/wp\/v2\/pages\/52\/revisions\/1956"}],"up":[{"embeddable":true,"href":"https:\/\/www.lilibonnet.com\/en\/wp-json\/wp\/v2\/pages\/8"}],"wp:attachment":[{"href":"https:\/\/www.lilibonnet.com\/en\/wp-json\/wp\/v2\/media?parent=52"}],"curies":[{"name":"wp","href":"https:\/\/api.w.org\/{rel}","templated":true}]}}